{"id":2758,"date":"2017-08-10T14:40:12","date_gmt":"2017-08-10T13:40:12","guid":{"rendered":"https:\/\/villena.salesianos.edu\/centrojuvenil\/?page_id=2758"},"modified":"2017-08-10T14:40:12","modified_gmt":"2017-08-10T13:40:12","slug":"quienes-somos","status":"publish","type":"page","link":"https:\/\/villena.salesianos.edu\/centrojuvenil\/quienes-somos\/","title":{"rendered":"\u00bfQui\u00e9nes Somos?"},"content":{"rendered":"<p>[et_pb_section bb_built=\u00bb1&#8243; admin_label=\u00bbSecci\u00f3n\u00bb fullwidth=\u00bbon\u00bb specialty=\u00bboff\u00bb][et_pb_fullwidth_header admin_label=\u00bbT\u00edtulo de anchura completa\u00bb title=\u00bb\u00bfQui\u00e9nes Somos?\u00bb background_layout=\u00bblight\u00bb text_orientation=\u00bbleft\u00bb header_fullscreen=\u00bboff\u00bb header_scroll_down=\u00bboff\u00bb background_url=\u00bbhttps:\/\/inspectoria.salesianos.edu\/wp-content\/uploads\/2017\/02\/ImagenPAGINA01.png\u00bb content_orientation=\u00bbcenter\u00bb image_orientation=\u00bbcenter\u00bb title_font_color=\u00bb#ffffff\u00bb custom_button_one=\u00bboff\u00bb button_one_letter_spacing=\u00bb0&#8243; button_one_icon_placement=\u00bbright\u00bb button_one_letter_spacing_hover=\u00bb0&#8243; custom_button_two=\u00bboff\u00bb button_two_letter_spacing=\u00bb0&#8243; button_two_icon_placement=\u00bbright\u00bb button_two_letter_spacing_hover=\u00bb0&#8243; module_class=\u00bbpagina-imagen-cabecera\u00bb title_font_size=\u00bb40px\u00bb _builder_version=\u00bb3.0.51&#8243; background_image=\u00bbhttps:\/\/villena.salesianos.edu\/centrojuvenil\/wp-content\/uploads\/sites\/6\/2017\/06\/globos-1366&#215;500.jpg\u00bb \/][\/et_pb_section][et_pb_section bb_built=\u00bb1&#8243; admin_label=\u00bbSecci\u00f3n\u00bb fullwidth=\u00bboff\u00bb specialty=\u00bboff\u00bb transparent_background=\u00bboff\u00bb allow_player_pause=\u00bboff\u00bb inner_shadow=\u00bboff\u00bb parallax=\u00bboff\u00bb parallax_method=\u00bboff\u00bb custom_padding=\u00bb-4%|||\u00bb make_fullwidth=\u00bboff\u00bb use_custom_width=\u00bboff\u00bb width_unit=\u00bbon\u00bb make_equal=\u00bboff\u00bb use_custom_gutter=\u00bboff\u00bb module_class=\u00bbpagina-seccion-contenido\u00bb][et_pb_row admin_label=\u00bbFila\u00bb make_fullwidth=\u00bboff\u00bb use_custom_width=\u00bboff\u00bb width_unit=\u00bbon\u00bb use_custom_gutter=\u00bboff\u00bb allow_player_pause=\u00bboff\u00bb parallax=\u00bboff\u00bb parallax_method=\u00bboff\u00bb make_equal=\u00bboff\u00bb parallax_1=\u00bboff\u00bb parallax_method_1=\u00bboff\u00bb module_class=\u00bbpagina-texto\u00bb background_position=\u00bbtop_left\u00bb background_repeat=\u00bbrepeat\u00bb background_size=\u00bbinitial\u00bb][et_pb_column type=\u00bb4_4&#8243;][et_pb_text admin_label=\u00bbTexto\u00bb background_layout=\u00bblight\u00bb text_orientation=\u00bbleft\u00bb border_style=\u00bbsolid\u00bb _builder_version=\u00bb3.0.51&#8243;]<\/p>\n<h2><\/h2>\n<h2><strong>\u00bfQui\u00e9nes Somos? \u00bfQu\u00e9 Hacemos?<\/strong><\/h2>\n<div class=\"et_pb_text et_pb_module et_pb_bg_layout_light et_pb_text_align_justified et_pb_text_0\">\n<div class=\"et_pb_text_inner\">\n<blockquote><p>El <strong>Centro Juvenil Don Bosco de Villena<\/strong> es una asociaci\u00f3n de car\u00e1cter voluntario que pretende ofrecer un servicio cualificado de educaci\u00f3n en el tiempo libre, animaci\u00f3n juvenil y desarrollo socio-cultural a los ni\u00f1os\/as, adolescentes y j\u00f3venes de nuestro entorno, tal y como recoge la Propuesta Educativa de los Centros Juveniles Salesianos.<\/p><\/blockquote>\n<\/div>\n<\/div>\n<p>La asociaci\u00f3n naci\u00f3 en el a\u00f1o 1972 y fue ser el primer oratorio constituido de forma oficial en toda la inspector\u00eda Salesiana San Jos\u00e9. As\u00ed, durante estos m\u00e1s de 40 a\u00f1os, hemos intentado ofrecer, siguiendo siempre los valores de Don Bosco, una ayuda y respuesta a las necesidades y problemas de asociacionismo, convivencia, tiempo libre e integraci\u00f3n social, cultural y educativa de los ni\u00f1os\/as, adolescentes y j\u00f3venes de nuestra ciudad.<\/p>\n<p>Actualmente, contamos con un total de 535 socios de todos los colegios e institutos de Villena, entre los que se encuentra un equipo de 48 animadores, que poseen titulaciones reconocidas por el IVAJ de Monitor de Tiempo Libre, Animador Juvenil o Formador de Formadores.<\/p>\n<p>Adem\u00e1s, el CJDB pertenece a la Federaci\u00f3n de Centros Juveniles \u201cDon Bosco\u201d de la Comunidad Valenciana, cooperando y trabajando en red con todos los centros juveniles de nuestra comunidad aut\u00f3noma, as\u00ed como a la Inspector\u00eda Salesiana M\u00aa Auxiliadora que re\u00fane a todas las presencias salesianas de Andorra, Andaluc\u00eda, Arag\u00f3n, Canarias, Catalu\u00f1a, Extremadura, Baleares, Regi\u00f3n de Murcia y Comunidad Valenciana. Concretamente, nuestra presencia salesiana pertenece a la denominada \u201cZona Centro\u201d de la Inspector\u00eda y tanto nuestros monitores como nuestros destinatarios participan activamente en las actividades organizadas por la misma, compartiendo as\u00ed experiencias con ni\u00f1os y j\u00f3venes de diferentes lugares.<\/p>\n<p>En el Centro Juvenil Don Bosco trabajamos con ni\u00f1os y j\u00f3venes entre 9 y 17 a\u00f1os y, para ello, nos dividimos en tres sectores o programas de actuaci\u00f3n: Proyecto local para la calidad de vida infantil (Preju), Proyecto local de educaci\u00f3n en valores para la integraci\u00f3n social de j\u00f3venes (JuB) y Proyecto local de formaci\u00f3n y promoci\u00f3n del voluntariado.<\/p>\n<hr \/>\n<div id=\"attachment_2760\" style=\"width: 575px\" class=\"wp-caption aligncenter\"><img loading=\"lazy\" decoding=\"async\" aria-describedby=\"caption-attachment-2760\" class=\"wp-image-2760 size-full\" src=\"https:\/\/villena.salesianos.edu\/centrojuvenil\/wp-content\/uploads\/sites\/6\/2017\/08\/cjdb.jpg\" alt=\"\" width=\"565\" height=\"416\" srcset=\"https:\/\/villena.salesianos.edu\/centrojuvenil\/wp-content\/uploads\/sites\/6\/2017\/08\/cjdb.jpg 565w, https:\/\/villena.salesianos.edu\/centrojuvenil\/wp-content\/uploads\/sites\/6\/2017\/08\/cjdb-300x221.jpg 300w\" sizes=\"(max-width: 565px) 100vw, 565px\" \/><p id=\"caption-attachment-2760\" class=\"wp-caption-text\">Logo Centro Juvenil Don Bosco<\/p><\/div>\n<p>[\/et_pb_text][\/et_pb_column][\/et_pb_row][\/et_pb_section]<\/p>\n","protected":false},"excerpt":{"rendered":"<p>\u00bfQui\u00e9nes Somos? \u00bfQu\u00e9 Hacemos? El Centro Juvenil Don Bosco de Villena es una asociaci\u00f3n de car\u00e1cter voluntario que pretende ofrecer un servicio cualificado de educaci\u00f3n en el tiempo libre, animaci\u00f3n juvenil y desarrollo socio-cultural a los ni\u00f1os\/as, adolescentes y j\u00f3venes de nuestro entorno, tal y como recoge la Propuesta Educativa de los Centros Juveniles Salesianos. [&hellip;]<\/p>\n","protected":false},"author":2,"featured_media":0,"parent":0,"menu_order":0,"comment_status":"closed","ping_status":"closed","template":"","meta":{"_et_pb_use_builder":"on","_et_pb_old_content":"","_et_gb_content_width":"","footnotes":""},"class_list":["post-2758","page","type-page","status-publish","hentry"],"yoast_head":"<!-- This site is optimized with the Yoast SEO plugin v28.3 - https:\/\/yoast.com\/product\/yoast-seo-wordpress\/ -->\n<title>\u00bfQui\u00e9nes Somos? - Centro Juvenil Don Bosco<\/title>\n<meta name=\"robots\" content=\"index, follow, max-snippet:-1, max-image-preview:large, max-video-preview:-1\" \/>\n<link rel=\"canonical\" href=\"https:\/\/villena.salesianos.edu\/centrojuvenil\/quienes-somos\/\" \/>\n<meta property=\"og:locale\" content=\"es_ES\" \/>\n<meta property=\"og:type\" content=\"article\" \/>\n<meta property=\"og:title\" content=\"\u00bfQui\u00e9nes Somos? - Centro Juvenil Don Bosco\" \/>\n<meta property=\"og:description\" content=\"\u00bfQui\u00e9nes Somos? \u00bfQu\u00e9 Hacemos? El Centro Juvenil Don Bosco de Villena es una asociaci\u00f3n de car\u00e1cter voluntario que pretende ofrecer un servicio cualificado de educaci\u00f3n en el tiempo libre, animaci\u00f3n juvenil y desarrollo socio-cultural a los ni\u00f1os\/as, adolescentes y j\u00f3venes de nuestro entorno, tal y como recoge la Propuesta Educativa de los Centros Juveniles Salesianos. [&hellip;]\" \/>\n<meta property=\"og:url\" content=\"https:\/\/villena.salesianos.edu\/centrojuvenil\/quienes-somos\/\" \/>\n<meta property=\"og:site_name\" content=\"Centro Juvenil Don Bosco\" \/>\n<meta property=\"og:image\" content=\"https:\/\/villena.salesianos.edu\/centrojuvenil\/wp-content\/uploads\/sites\/6\/2017\/08\/cjdb.jpg\" \/>\n<meta name=\"twitter:card\" content=\"summary_large_image\" \/>\n<meta name=\"twitter:label1\" content=\"Tiempo de lectura\" \/>\n\t<meta name=\"twitter:data1\" content=\"3 minutos\" \/>\n<script type=\"application\/ld+json\" class=\"yoast-schema-graph\">{\"@context\":\"https:\\\/\\\/schema.org\",\"@graph\":[{\"@type\":\"WebPage\",\"@id\":\"https:\\\/\\\/villena.salesianos.edu\\\/centrojuvenil\\\/quienes-somos\\\/\",\"url\":\"https:\\\/\\\/villena.salesianos.edu\\\/centrojuvenil\\\/quienes-somos\\\/\",\"name\":\"\u00bfQui\u00e9nes Somos? - Centro Juvenil Don Bosco\",\"isPartOf\":{\"@id\":\"https:\\\/\\\/villena.salesianos.edu\\\/centrojuvenil\\\/#website\"},\"primaryImageOfPage\":{\"@id\":\"https:\\\/\\\/villena.salesianos.edu\\\/centrojuvenil\\\/quienes-somos\\\/#primaryimage\"},\"image\":{\"@id\":\"https:\\\/\\\/villena.salesianos.edu\\\/centrojuvenil\\\/quienes-somos\\\/#primaryimage\"},\"thumbnailUrl\":\"https:\\\/\\\/villena.salesianos.edu\\\/centrojuvenil\\\/wp-content\\\/uploads\\\/sites\\\/6\\\/2017\\\/08\\\/cjdb.jpg\",\"datePublished\":\"2017-08-10T13:40:12+00:00\",\"breadcrumb\":{\"@id\":\"https:\\\/\\\/villena.salesianos.edu\\\/centrojuvenil\\\/quienes-somos\\\/#breadcrumb\"},\"inLanguage\":\"es\",\"potentialAction\":[{\"@type\":\"ReadAction\",\"target\":[\"https:\\\/\\\/villena.salesianos.edu\\\/centrojuvenil\\\/quienes-somos\\\/\"]}]},{\"@type\":\"ImageObject\",\"inLanguage\":\"es\",\"@id\":\"https:\\\/\\\/villena.salesianos.edu\\\/centrojuvenil\\\/quienes-somos\\\/#primaryimage\",\"url\":\"https:\\\/\\\/villena.salesianos.edu\\\/centrojuvenil\\\/wp-content\\\/uploads\\\/sites\\\/6\\\/2017\\\/08\\\/cjdb.jpg\",\"contentUrl\":\"https:\\\/\\\/villena.salesianos.edu\\\/centrojuvenil\\\/wp-content\\\/uploads\\\/sites\\\/6\\\/2017\\\/08\\\/cjdb.jpg\",\"width\":565,\"height\":416},{\"@type\":\"BreadcrumbList\",\"@id\":\"https:\\\/\\\/villena.salesianos.edu\\\/centrojuvenil\\\/quienes-somos\\\/#breadcrumb\",\"itemListElement\":[{\"@type\":\"ListItem\",\"position\":1,\"name\":\"Portada\",\"item\":\"https:\\\/\\\/villena.salesianos.edu\\\/centrojuvenil\\\/\"},{\"@type\":\"ListItem\",\"position\":2,\"name\":\"\u00bfQui\u00e9nes Somos?\"}]},{\"@type\":\"WebSite\",\"@id\":\"https:\\\/\\\/villena.salesianos.edu\\\/centrojuvenil\\\/#website\",\"url\":\"https:\\\/\\\/villena.salesianos.edu\\\/centrojuvenil\\\/\",\"name\":\"Centro Juvenil Don Bosco\",\"description\":\"P\u00e1gina oficial Salesianos Villena\",\"potentialAction\":[{\"@type\":\"SearchAction\",\"target\":{\"@type\":\"EntryPoint\",\"urlTemplate\":\"https:\\\/\\\/villena.salesianos.edu\\\/centrojuvenil\\\/?s={search_term_string}\"},\"query-input\":{\"@type\":\"PropertyValueSpecification\",\"valueRequired\":true,\"valueName\":\"search_term_string\"}}],\"inLanguage\":\"es\"}]}<\/script>\n<!-- \/ Yoast SEO plugin. -->","yoast_head_json":{"title":"\u00bfQui\u00e9nes Somos? - Centro Juvenil Don Bosco","robots":{"index":"index","follow":"follow","max-snippet":"max-snippet:-1","max-image-preview":"max-image-preview:large","max-video-preview":"max-video-preview:-1"},"canonical":"https:\/\/villena.salesianos.edu\/centrojuvenil\/quienes-somos\/","og_locale":"es_ES","og_type":"article","og_title":"\u00bfQui\u00e9nes Somos? - Centro Juvenil Don Bosco","og_description":"\u00bfQui\u00e9nes Somos? \u00bfQu\u00e9 Hacemos? El Centro Juvenil Don Bosco de Villena es una asociaci\u00f3n de car\u00e1cter voluntario que pretende ofrecer un servicio cualificado de educaci\u00f3n en el tiempo libre, animaci\u00f3n juvenil y desarrollo socio-cultural a los ni\u00f1os\/as, adolescentes y j\u00f3venes de nuestro entorno, tal y como recoge la Propuesta Educativa de los Centros Juveniles Salesianos. [&hellip;]","og_url":"https:\/\/villena.salesianos.edu\/centrojuvenil\/quienes-somos\/","og_site_name":"Centro Juvenil Don Bosco","og_image":[{"url":"https:\/\/villena.salesianos.edu\/centrojuvenil\/wp-content\/uploads\/sites\/6\/2017\/08\/cjdb.jpg","type":"","width":"","height":""}],"twitter_card":"summary_large_image","twitter_misc":{"Tiempo de lectura":"3 minutos"},"schema":{"@context":"https:\/\/schema.org","@graph":[{"@type":"WebPage","@id":"https:\/\/villena.salesianos.edu\/centrojuvenil\/quienes-somos\/","url":"https:\/\/villena.salesianos.edu\/centrojuvenil\/quienes-somos\/","name":"\u00bfQui\u00e9nes Somos? - Centro Juvenil Don Bosco","isPartOf":{"@id":"https:\/\/villena.salesianos.edu\/centrojuvenil\/#website"},"primaryImageOfPage":{"@id":"https:\/\/villena.salesianos.edu\/centrojuvenil\/quienes-somos\/#primaryimage"},"image":{"@id":"https:\/\/villena.salesianos.edu\/centrojuvenil\/quienes-somos\/#primaryimage"},"thumbnailUrl":"https:\/\/villena.salesianos.edu\/centrojuvenil\/wp-content\/uploads\/sites\/6\/2017\/08\/cjdb.jpg","datePublished":"2017-08-10T13:40:12+00:00","breadcrumb":{"@id":"https:\/\/villena.salesianos.edu\/centrojuvenil\/quienes-somos\/#breadcrumb"},"inLanguage":"es","potentialAction":[{"@type":"ReadAction","target":["https:\/\/villena.salesianos.edu\/centrojuvenil\/quienes-somos\/"]}]},{"@type":"ImageObject","inLanguage":"es","@id":"https:\/\/villena.salesianos.edu\/centrojuvenil\/quienes-somos\/#primaryimage","url":"https:\/\/villena.salesianos.edu\/centrojuvenil\/wp-content\/uploads\/sites\/6\/2017\/08\/cjdb.jpg","contentUrl":"https:\/\/villena.salesianos.edu\/centrojuvenil\/wp-content\/uploads\/sites\/6\/2017\/08\/cjdb.jpg","width":565,"height":416},{"@type":"BreadcrumbList","@id":"https:\/\/villena.salesianos.edu\/centrojuvenil\/quienes-somos\/#breadcrumb","itemListElement":[{"@type":"ListItem","position":1,"name":"Portada","item":"https:\/\/villena.salesianos.edu\/centrojuvenil\/"},{"@type":"ListItem","position":2,"name":"\u00bfQui\u00e9nes Somos?"}]},{"@type":"WebSite","@id":"https:\/\/villena.salesianos.edu\/centrojuvenil\/#website","url":"https:\/\/villena.salesianos.edu\/centrojuvenil\/","name":"Centro Juvenil Don Bosco","description":"P\u00e1gina oficial Salesianos Villena","potentialAction":[{"@type":"SearchAction","target":{"@type":"EntryPoint","urlTemplate":"https:\/\/villena.salesianos.edu\/centrojuvenil\/?s={search_term_string}"},"query-input":{"@type":"PropertyValueSpecification","valueRequired":true,"valueName":"search_term_string"}}],"inLanguage":"es"}]}},"_links":{"self":[{"href":"https:\/\/villena.salesianos.edu\/centrojuvenil\/wp-json\/wp\/v2\/pages\/2758","targetHints":{"allow":["GET"]}}],"collection":[{"href":"https:\/\/villena.salesianos.edu\/centrojuvenil\/wp-json\/wp\/v2\/pages"}],"about":[{"href":"https:\/\/villena.salesianos.edu\/centrojuvenil\/wp-json\/wp\/v2\/types\/page"}],"author":[{"embeddable":true,"href":"https:\/\/villena.salesianos.edu\/centrojuvenil\/wp-json\/wp\/v2\/users\/2"}],"replies":[{"embeddable":true,"href":"https:\/\/villena.salesianos.edu\/centrojuvenil\/wp-json\/wp\/v2\/comments?post=2758"}],"version-history":[{"count":1,"href":"https:\/\/villena.salesianos.edu\/centrojuvenil\/wp-json\/wp\/v2\/pages\/2758\/revisions"}],"predecessor-version":[{"id":2761,"href":"https:\/\/villena.salesianos.edu\/centrojuvenil\/wp-json\/wp\/v2\/pages\/2758\/revisions\/2761"}],"wp:attachment":[{"href":"https:\/\/villena.salesianos.edu\/centrojuvenil\/wp-json\/wp\/v2\/media?parent=2758"}],"curies":[{"name":"wp","href":"https:\/\/api.w.org\/{rel}","templated":true}]}}