{"id":2443,"date":"2017-06-27T10:25:32","date_gmt":"2017-06-27T09:25:32","guid":{"rendered":"https:\/\/villena.salesianos.edu\/colegio\/?page_id=2443"},"modified":"2024-11-06T12:17:02","modified_gmt":"2024-11-06T11:17:02","slug":"historia","status":"publish","type":"page","link":"https:\/\/villena.salesianos.edu\/colegio\/historia\/","title":{"rendered":"Historia"},"content":{"rendered":"<p>[et_pb_section fb_built=\u00bb1&#8243; fullwidth=\u00bbon\u00bb _builder_version=\u00bb4.16&#8243; global_colors_info=\u00bb{}\u00bb][et_pb_fullwidth_header title=\u00bbHistoria\u00bb module_class=\u00bbpagina-imagen-cabecera\u00bb _builder_version=\u00bb4.21.0&#8243; title_text_color=\u00bb#ffffff\u00bb title_font_size=\u00bb40px\u00bb background_color=\u00bbrgba(255, 255, 255, 0)\u00bb background_image=\u00bbhttps:\/\/villena.salesianos.edu\/colegio\/wp-content\/uploads\/sites\/3\/2023\/07\/IMG-20211203-WA0061.jpg\u00bb background_layout=\u00bblight\u00bb max_width_tablet=\u00bb50px\u00bb global_colors_info=\u00bb{}\u00bb button_one_text_size__hover_enabled=\u00bboff\u00bb button_two_text_size__hover_enabled=\u00bboff\u00bb button_one_text_color__hover_enabled=\u00bboff\u00bb button_two_text_color__hover_enabled=\u00bboff\u00bb button_one_border_width__hover_enabled=\u00bboff\u00bb button_two_border_width__hover_enabled=\u00bboff\u00bb button_one_border_color__hover_enabled=\u00bboff\u00bb button_two_border_color__hover_enabled=\u00bboff\u00bb button_one_border_radius__hover_enabled=\u00bboff\u00bb button_two_border_radius__hover_enabled=\u00bboff\u00bb button_one_letter_spacing__hover_enabled=\u00bboff\u00bb button_two_letter_spacing__hover_enabled=\u00bboff\u00bb button_one_bg_color__hover_enabled=\u00bboff\u00bb button_two_bg_color__hover_enabled=\u00bboff\u00bb][\/et_pb_fullwidth_header][\/et_pb_section][et_pb_section fb_built=\u00bb1&#8243; _builder_version=\u00bb4.16&#8243; global_colors_info=\u00bb{}\u00bb][et_pb_row module_class=\u00bbpagina-texto\u00bb _builder_version=\u00bb4.16&#8243; background_size=\u00bbinitial\u00bb background_position=\u00bbtop_left\u00bb background_repeat=\u00bbrepeat\u00bb make_fullwidth=\u00bboff\u00bb use_custom_width=\u00bboff\u00bb width_unit=\u00bbon\u00bb global_colors_info=\u00bb{}\u00bb][et_pb_column type=\u00bb4_4&#8243; _builder_version=\u00bb4.16&#8243; custom_padding=\u00bb|||\u00bb global_colors_info=\u00bb{}\u00bb custom_padding__hover=\u00bb|||\u00bb][et_pb_text _builder_version=\u00bb4.16&#8243; text_font=\u00bb|300|||||||\u00bb text_text_color=\u00bb#e02b20&#8243; text_font_size=\u00bb29px\u00bb header_2_font=\u00bbLato|300|||||||\u00bb header_2_font_size=\u00bb32px\u00bb custom_margin=\u00bb|||\u00bb custom_padding=\u00bb||15px|\u00bb global_colors_info=\u00bb{}\u00bb]<\/p>\n<h2>Repaso Cronol\u00f3gico<\/h2>\n<p>[\/et_pb_text][et_pb_text _builder_version=\u00bb4.16&#8243; text_orientation=\u00bbjustified\u00bb global_colors_info=\u00bb{}\u00bb]<\/p>\n<p>El colegio es el punto de partida de la\u00a0<strong>presencia Salesiana en Villena<\/strong>\u00a0y su vida tiene un recorrido marcado por las demandas y los momentos hist\u00f3ricos de la ciudad:<\/p>\n<p>&nbsp;<\/p>\n<p style=\"padding-left: 30px;\"><strong>1957:<\/strong>\u00a0Funcion\u00f3 como internado con la introducci\u00f3n del Bachiller hasta 6\u00ba.<strong>1917:<\/strong>\u00a0Se termin\u00f3 de construir el Colegio y comienza como escuela.<\/p>\n<p style=\"padding-left: 30px;\"><strong>1973:<\/strong>\u00a0Con la Ley del 70 se implant\u00f3 la E.G.B.<\/p>\n<p style=\"padding-left: 30px;\"><strong>1987\/88:<\/strong>\u00a0Haci\u00e9ndose eco del sentimiento general y actualiz\u00e1ndose a los tiempos en que se viv\u00eda, el Centro pas\u00f3 de ser exclusivo para varones, a ser mixto.<\/p>\n<p style=\"padding-left: 30px;\"><strong>1994\/95:<\/strong>\u00a0Con la LOGSE, fueron introduci\u00e9ndose progresivamente: Educaci\u00f3n Infantil de 4 y 5 a\u00f1os<\/p>\n<p style=\"padding-left: 30px;\"><strong>1994\/95:<\/strong>\u00a0Educaci\u00f3n Secundaria.<\/p>\n<p style=\"padding-left: 30px;\"><strong>2000:<\/strong>\u00a0Ampliaci\u00f3n con recursos para atenci\u00f3n a la diversidad. Aula de Apoyo a la integraci\u00f3n en Infantil y Primaria<\/p>\n<p style=\"padding-left: 30px;\"><strong>1997\/98:<\/strong>\u00a0Educaci\u00f3n Infantil de tres a\u00f1os.<\/p>\n<p style=\"padding-left: 30px;\"><strong>2002:<\/strong>\u00a0Incorporaci\u00f3n de seglares a cargos de responsabilidad.<\/p>\n<p style=\"padding-left: 30px;\"><strong>2007:\u00a0<\/strong>Inauguraci\u00f3n de la pista cubierta.<\/p>\n<p style=\"padding-left: 30px;\"><strong>2008:<\/strong>\u00a0Reforma de aulas de infantil y primaria. Acondicionamiento de todos los espacios con equipamiento tecnol\u00f3gico.<\/p>\n<p style=\"padding-left: 30px;\"><strong>2009:<\/strong>\u00a0Ampliaci\u00f3n con el aula de Apoyo a la Integraci\u00f3n en Secundaria.<\/p>\n<p style=\"padding-left: 30px;\"><strong>2020:\u00a0<\/strong>Creaci\u00f3n Gabinete Orientaci\u00f3n.<\/p>\n<p style=\"padding-left: 30px;\"><strong>2022:<\/strong> Incorporaci\u00f3n Escuela Infantil 1 y 2 a\u00f1os.<\/p>\n<p style=\"padding-left: 30px;\"><strong>2022 a 2025:<\/strong> Centro CEPAFE (<b>Centro Educativo Promotor de la Actividad F\u00edsica y el<\/b> <strong>Deporte<\/strong>)<\/p>\n<p>&nbsp;<\/p>\n<p>[\/et_pb_text][\/et_pb_column][\/et_pb_row][\/et_pb_section][et_pb_section fb_built=\u00bb1&#8243; _builder_version=\u00bb4.16&#8243; custom_padding=\u00bb0px|0px|0px|0px\u00bb box_shadow_style=\u00bbpreset1&#8243; box_shadow_blur=\u00bb23px\u00bb box_shadow_spread=\u00bb7px\u00bb global_colors_info=\u00bb{}\u00bb][et_pb_row _builder_version=\u00bb4.16&#8243; width=\u00bb100%\u00bb max_width=\u00bb100%\u00bb module_alignment=\u00bbcenter\u00bb custom_padding=\u00bb0px|0px|0px|0px\u00bb use_custom_width=\u00bbon\u00bb width_unit=\u00bboff\u00bb custom_width_percent=\u00bb100%\u00bb locked=\u00bboff\u00bb global_colors_info=\u00bb{}\u00bb][et_pb_column type=\u00bb4_4&#8243; _builder_version=\u00bb4.16&#8243; custom_padding=\u00bb|||\u00bb global_colors_info=\u00bb{}\u00bb custom_padding__hover=\u00bb|||\u00bb][et_pb_slider show_arrows=\u00bboff\u00bb show_pagination=\u00bboff\u00bb _builder_version=\u00bb4.16&#8243; custom_margin=\u00bb|||\u00bb custom_padding=\u00bb125px||125px|\u00bb custom_padding_tablet=\u00bb75px||75px|\u00bb custom_padding_phone=\u00bb70px||70px|\u00bb custom_padding_last_edited=\u00bbon|phone\u00bb filter_saturate=\u00bb106%\u00bb filter_brightness=\u00bb109%\u00bb auto=\u00bbon\u00bb auto_ignore_hover=\u00bbon\u00bb box_shadow_style=\u00bbpreset6&#8243; box_shadow_blur=\u00bb10px\u00bb box_shadow_color=\u00bbrgba(0,0,0,0.1)\u00bb show_inner_shadow=\u00bbon\u00bb global_colors_info=\u00bb{}\u00bb button_text_size__hover_enabled=\u00bboff\u00bb button_one_text_size__hover_enabled=\u00bboff\u00bb button_two_text_size__hover_enabled=\u00bboff\u00bb button_text_color__hover_enabled=\u00bboff\u00bb button_one_text_color__hover_enabled=\u00bboff\u00bb button_two_text_color__hover_enabled=\u00bboff\u00bb button_border_width__hover_enabled=\u00bboff\u00bb button_one_border_width__hover_enabled=\u00bboff\u00bb button_two_border_width__hover_enabled=\u00bboff\u00bb button_border_color__hover_enabled=\u00bboff\u00bb button_one_border_color__hover_enabled=\u00bboff\u00bb button_two_border_color__hover_enabled=\u00bboff\u00bb button_border_radius__hover_enabled=\u00bboff\u00bb button_one_border_radius__hover_enabled=\u00bboff\u00bb button_two_border_radius__hover_enabled=\u00bboff\u00bb button_letter_spacing__hover_enabled=\u00bboff\u00bb button_one_letter_spacing__hover_enabled=\u00bboff\u00bb button_two_letter_spacing__hover_enabled=\u00bboff\u00bb button_bg_color__hover_enabled=\u00bboff\u00bb button_one_bg_color__hover_enabled=\u00bboff\u00bb button_two_bg_color__hover_enabled=\u00bboff\u00bb][et_pb_slide use_bg_overlay=\u00bboff\u00bb use_text_overlay=\u00bboff\u00bb _builder_version=\u00bb4.16&#8243; background_color=\u00bb#ffffff\u00bb background_image=\u00bbhttps:\/\/villena.salesianos.edu\/colegio\/wp-content\/uploads\/sites\/3\/2018\/03\/ALUMNOS-75-ANIVERSARIO072.jpg\u00bb global_colors_info=\u00bb{}\u00bb button_text_size__hover_enabled=\u00bboff\u00bb button_one_text_size__hover_enabled=\u00bboff\u00bb button_two_text_size__hover_enabled=\u00bboff\u00bb button_text_color__hover_enabled=\u00bboff\u00bb button_one_text_color__hover_enabled=\u00bboff\u00bb button_two_text_color__hover_enabled=\u00bboff\u00bb button_border_width__hover_enabled=\u00bboff\u00bb button_one_border_width__hover_enabled=\u00bboff\u00bb button_two_border_width__hover_enabled=\u00bboff\u00bb button_border_color__hover_enabled=\u00bboff\u00bb button_one_border_color__hover_enabled=\u00bboff\u00bb button_two_border_color__hover_enabled=\u00bboff\u00bb button_border_radius__hover_enabled=\u00bboff\u00bb button_one_border_radius__hover_enabled=\u00bboff\u00bb button_two_border_radius__hover_enabled=\u00bboff\u00bb button_letter_spacing__hover_enabled=\u00bboff\u00bb button_one_letter_spacing__hover_enabled=\u00bboff\u00bb button_two_letter_spacing__hover_enabled=\u00bboff\u00bb button_bg_color__hover_enabled=\u00bboff\u00bb button_one_bg_color__hover_enabled=\u00bboff\u00bb button_two_bg_color__hover_enabled=\u00bboff\u00bb sticky_transition=\u00bbon\u00bb][\/et_pb_slide][et_pb_slide use_bg_overlay=\u00bboff\u00bb use_text_overlay=\u00bboff\u00bb _builder_version=\u00bb4.16&#8243; background_color=\u00bb#ffffff\u00bb background_image=\u00bbhttps:\/\/villena.salesianos.edu\/colegio\/wp-content\/uploads\/sites\/3\/2018\/03\/75-ANIVERSARIO079.jpg\u00bb global_colors_info=\u00bb{}\u00bb button_text_size__hover_enabled=\u00bboff\u00bb button_one_text_size__hover_enabled=\u00bboff\u00bb button_two_text_size__hover_enabled=\u00bboff\u00bb button_text_color__hover_enabled=\u00bboff\u00bb button_one_text_color__hover_enabled=\u00bboff\u00bb button_two_text_color__hover_enabled=\u00bboff\u00bb button_border_width__hover_enabled=\u00bboff\u00bb button_one_border_width__hover_enabled=\u00bboff\u00bb button_two_border_width__hover_enabled=\u00bboff\u00bb button_border_color__hover_enabled=\u00bboff\u00bb button_one_border_color__hover_enabled=\u00bboff\u00bb button_two_border_color__hover_enabled=\u00bboff\u00bb button_border_radius__hover_enabled=\u00bboff\u00bb button_one_border_radius__hover_enabled=\u00bboff\u00bb button_two_border_radius__hover_enabled=\u00bboff\u00bb button_letter_spacing__hover_enabled=\u00bboff\u00bb button_one_letter_spacing__hover_enabled=\u00bboff\u00bb button_two_letter_spacing__hover_enabled=\u00bboff\u00bb button_bg_color__hover_enabled=\u00bboff\u00bb button_one_bg_color__hover_enabled=\u00bboff\u00bb button_two_bg_color__hover_enabled=\u00bboff\u00bb sticky_transition=\u00bbon\u00bb][\/et_pb_slide][et_pb_slide use_bg_overlay=\u00bboff\u00bb use_text_overlay=\u00bboff\u00bb _builder_version=\u00bb4.16&#8243; background_color=\u00bb#ffffff\u00bb background_image=\u00bbhttps:\/\/villena.salesianos.edu\/colegio\/wp-content\/uploads\/sites\/3\/2018\/03\/1963-REVISTA-VILLENA-58xx.jpg\u00bb global_colors_info=\u00bb{}\u00bb button_text_size__hover_enabled=\u00bboff\u00bb button_one_text_size__hover_enabled=\u00bboff\u00bb button_two_text_size__hover_enabled=\u00bboff\u00bb button_text_color__hover_enabled=\u00bboff\u00bb button_one_text_color__hover_enabled=\u00bboff\u00bb button_two_text_color__hover_enabled=\u00bboff\u00bb button_border_width__hover_enabled=\u00bboff\u00bb button_one_border_width__hover_enabled=\u00bboff\u00bb button_two_border_width__hover_enabled=\u00bboff\u00bb button_border_color__hover_enabled=\u00bboff\u00bb button_one_border_color__hover_enabled=\u00bboff\u00bb button_two_border_color__hover_enabled=\u00bboff\u00bb button_border_radius__hover_enabled=\u00bboff\u00bb button_one_border_radius__hover_enabled=\u00bboff\u00bb button_two_border_radius__hover_enabled=\u00bboff\u00bb button_letter_spacing__hover_enabled=\u00bboff\u00bb button_one_letter_spacing__hover_enabled=\u00bboff\u00bb button_two_letter_spacing__hover_enabled=\u00bboff\u00bb button_bg_color__hover_enabled=\u00bboff\u00bb button_one_bg_color__hover_enabled=\u00bboff\u00bb button_two_bg_color__hover_enabled=\u00bboff\u00bb sticky_transition=\u00bbon\u00bb][\/et_pb_slide][et_pb_slide use_bg_overlay=\u00bboff\u00bb use_text_overlay=\u00bboff\u00bb _builder_version=\u00bb4.16&#8243; background_color=\u00bb#ffffff\u00bb background_image=\u00bbhttps:\/\/villena.salesianos.edu\/colegio\/wp-content\/uploads\/sites\/3\/2018\/03\/1987-pistas-nuevas-1.jpg\u00bb global_colors_info=\u00bb{}\u00bb button_text_size__hover_enabled=\u00bboff\u00bb button_one_text_size__hover_enabled=\u00bboff\u00bb button_two_text_size__hover_enabled=\u00bboff\u00bb button_text_color__hover_enabled=\u00bboff\u00bb button_one_text_color__hover_enabled=\u00bboff\u00bb button_two_text_color__hover_enabled=\u00bboff\u00bb button_border_width__hover_enabled=\u00bboff\u00bb button_one_border_width__hover_enabled=\u00bboff\u00bb button_two_border_width__hover_enabled=\u00bboff\u00bb button_border_color__hover_enabled=\u00bboff\u00bb button_one_border_color__hover_enabled=\u00bboff\u00bb button_two_border_color__hover_enabled=\u00bboff\u00bb button_border_radius__hover_enabled=\u00bboff\u00bb button_one_border_radius__hover_enabled=\u00bboff\u00bb button_two_border_radius__hover_enabled=\u00bboff\u00bb button_letter_spacing__hover_enabled=\u00bboff\u00bb button_one_letter_spacing__hover_enabled=\u00bboff\u00bb button_two_letter_spacing__hover_enabled=\u00bboff\u00bb button_bg_color__hover_enabled=\u00bboff\u00bb button_one_bg_color__hover_enabled=\u00bboff\u00bb button_two_bg_color__hover_enabled=\u00bboff\u00bb sticky_transition=\u00bbon\u00bb][\/et_pb_slide][et_pb_slide use_bg_overlay=\u00bboff\u00bb use_text_overlay=\u00bboff\u00bb _builder_version=\u00bb4.16&#8243; background_color=\u00bb#ffffff\u00bb background_image=\u00bbhttps:\/\/villena.salesianos.edu\/colegio\/wp-content\/uploads\/sites\/3\/2018\/03\/INAUGURACI\u00d3N-OLIMPIADA-041.jpg\u00bb global_colors_info=\u00bb{}\u00bb button_text_size__hover_enabled=\u00bboff\u00bb button_one_text_size__hover_enabled=\u00bboff\u00bb button_two_text_size__hover_enabled=\u00bboff\u00bb button_text_color__hover_enabled=\u00bboff\u00bb button_one_text_color__hover_enabled=\u00bboff\u00bb button_two_text_color__hover_enabled=\u00bboff\u00bb button_border_width__hover_enabled=\u00bboff\u00bb button_one_border_width__hover_enabled=\u00bboff\u00bb button_two_border_width__hover_enabled=\u00bboff\u00bb button_border_color__hover_enabled=\u00bboff\u00bb button_one_border_color__hover_enabled=\u00bboff\u00bb button_two_border_color__hover_enabled=\u00bboff\u00bb button_border_radius__hover_enabled=\u00bboff\u00bb button_one_border_radius__hover_enabled=\u00bboff\u00bb button_two_border_radius__hover_enabled=\u00bboff\u00bb button_letter_spacing__hover_enabled=\u00bboff\u00bb button_one_letter_spacing__hover_enabled=\u00bboff\u00bb button_two_letter_spacing__hover_enabled=\u00bboff\u00bb button_bg_color__hover_enabled=\u00bboff\u00bb button_one_bg_color__hover_enabled=\u00bboff\u00bb button_two_bg_color__hover_enabled=\u00bboff\u00bb sticky_transition=\u00bbon\u00bb][\/et_pb_slide][\/et_pb_slider][\/et_pb_column][\/et_pb_row][\/et_pb_section][et_pb_section fb_built=\u00bb1&#8243; _builder_version=\u00bb4.16&#8243; custom_padding=\u00bb40px|0px|30px|0px\u00bb global_colors_info=\u00bb{}\u00bb][et_pb_row _builder_version=\u00bb4.16&#8243; global_colors_info=\u00bb{}\u00bb][et_pb_column type=\u00bb4_4&#8243; _builder_version=\u00bb4.16&#8243; custom_padding=\u00bb|||\u00bb global_colors_info=\u00bb{}\u00bb custom_padding__hover=\u00bb|||\u00bb][et_pb_text _builder_version=\u00bb4.16&#8243; text_font=\u00bb|300|||||||\u00bb text_text_color=\u00bb#e02b20&#8243; text_font_size=\u00bb29px\u00bb header_2_font=\u00bbLato|300|||||||\u00bb header_2_font_size=\u00bb32px\u00bb custom_margin=\u00bb|||\u00bb custom_padding=\u00bb||15px|\u00bb global_colors_info=\u00bb{}\u00bb]<\/p>\n<h2>En la Actualidad<\/h2>\n<p>[\/et_pb_text][et_pb_text _builder_version=\u00bb4.16&#8243; text_font=\u00bb|300|on||||||\u00bb text_font_size=\u00bb18px\u00bb quote_font=\u00bb|300|on||||||\u00bb global_colors_info=\u00bb{}\u00bb inline_fonts=\u00bbAbel\u00bb]<\/p>\n<blockquote>\n<p><span style=\"font-family: Abel; font-weight: normal;\">En la actualidad el Colegio Salesiano \u201cMar\u00eda Auxiliadora\u201d de Villena es un Centro escolar integrado e incorporado al r\u00e9gimen de conciertos en: Educaci\u00f3n Infantil, Educaci\u00f3n Primaria y Educaci\u00f3n Secundaria Obligatoria.<\/span><\/p>\n<p><span style=\"font-family: Abel; font-weight: normal;\">\u00a0<\/span><\/p>\n<p><span style=\"font-family: Abel; font-weight: normal;\">La historia del Colegio tambi\u00e9n est\u00e1 ligada a la ampliaci\u00f3n y acomodaci\u00f3n de sus espacios y edificios. Desde la fecha de su inauguraci\u00f3n, hasta la actualidad, el Centro ha pasado por diferentes etapas para irse acomodando a las necesidades que en cada momento surg\u00edan. En 1957 se construy\u00f3 un internado anexo para albergar alumnos de toda la comarca, estudiantes de bachillerato.<\/span><\/p>\n<p><span style=\"font-family: Abel; font-weight: normal;\">\u00a0<\/span><\/p>\n<p><span style=\"font-family: Abel; font-weight: normal;\">Esta adecuaci\u00f3n da a la obra la forma t\u00edpica de \u201cele\u201d caracter\u00edstica de muchas construcciones salesianas. Est\u00e1 dotada de tres plantas, una zona porticada, patio central y dos accesos a diferentes calles. Estos dos edificios se encuentran vertebrados alrededor de la iglesia de M\u00aa Auxiliadora, n\u00facleo f\u00edsico y espiritual de la comunidad.<\/span><\/p>\n<\/blockquote>\n<p>[\/et_pb_text][et_pb_blurb title=\u00bbPalabras de nuestro Director\u00bb url=\u00bbhttps:\/\/villena.salesianos.edu\/saludo\/\u00bb url_new_window=\u00bbon\u00bb use_icon=\u00bbon\u00bb font_icon=\u00bb&#xe60f;||divi||400&#8243; icon_color=\u00bb#e02b20&#8243; icon_placement=\u00bbleft\u00bb image_icon_width=\u00bb53px\u00bb content_max_width=\u00bb825px\u00bb _builder_version=\u00bb4.16&#8243; header_level=\u00bbh3&#8243; header_font=\u00bb|300|||||||\u00bb header_font_size=\u00bb21px\u00bb body_font_size=\u00bb15px\u00bb body_line_height=\u00bb1.3em\u00bb text_orientation=\u00bbcenter\u00bb custom_margin=\u00bb|||\u00bb custom_padding=\u00bb10px|25px|10px|25px\u00bb icon_font_size=\u00bb53px\u00bb use_circle=\u00bboff\u00bb use_circle_border=\u00bboff\u00bb global_colors_info=\u00bb{}\u00bb]<\/p>\n<p>Conocer de primera mano lo que nuestro Director de la Casa, Don Vicente Pic\u00f3 nos dice sobre la obra Salesianos de Villena.<\/p>\n<p>[\/et_pb_blurb][\/et_pb_column][\/et_pb_row][\/et_pb_section]<\/p>\n","protected":false},"excerpt":{"rendered":"<p>Repaso Cronol\u00f3gico El colegio es el punto de partida de la\u00a0presencia Salesiana en Villena\u00a0y su vida tiene un recorrido marcado por las demandas y los momentos hist\u00f3ricos de la ciudad: &nbsp; 1957:\u00a0Funcion\u00f3 como internado con la introducci\u00f3n del Bachiller hasta 6\u00ba.1917:\u00a0Se termin\u00f3 de construir el Colegio y comienza como escuela. 1973:\u00a0Con la Ley del 70 [&hellip;]<\/p>\n","protected":false},"author":2,"featured_media":0,"parent":0,"menu_order":0,"comment_status":"closed","ping_status":"closed","template":"","meta":{"_et_pb_use_builder":"on","_et_pb_old_content":"<p>[et_pb_section bb_built=\"1\" admin_label=\"Secci\u00f3n\" fullwidth=\"on\" specialty=\"off\"][et_pb_fullwidth_header admin_label=\"T\u00edtulo de anchura completa\" title=\"Comunicaci\u00f3n\" background_layout=\"light\" text_orientation=\"left\" header_fullscreen=\"off\" header_scroll_down=\"off\" background_url=\"https:\/\/inspectoria.salesianos.edu\/wp-content\/uploads\/2017\/02\/ImagenPAGINA01.png\" content_orientation=\"center\" image_orientation=\"center\" title_font_color=\"#ffffff\" custom_button_one=\"off\" button_one_letter_spacing=\"0\" button_one_icon_placement=\"right\" button_one_letter_spacing_hover=\"0\" custom_button_two=\"off\" button_two_letter_spacing=\"0\" button_two_icon_placement=\"right\" button_two_letter_spacing_hover=\"0\" module_class=\"pagina-imagen-cabecera\" title_font_size=\"40px\" background_image=\"https:\/\/villena.salesianos.edu\/colegio\/wp-content\/uploads\/sites\/3\/2017\/06\/parisESO1001.jpg\" _builder_version=\"3.0.51\" \/][\/et_pb_section][et_pb_section bb_built=\"1\" admin_label=\"Secci\u00f3n\" fullwidth=\"off\" specialty=\"off\" transparent_background=\"off\" allow_player_pause=\"off\" inner_shadow=\"off\" parallax=\"off\" parallax_method=\"off\" custom_padding=\"-4%|||\" make_fullwidth=\"off\" use_custom_width=\"off\" width_unit=\"on\" make_equal=\"off\" use_custom_gutter=\"off\" module_class=\"pagina-seccion-contenido\"][et_pb_row admin_label=\"Fila\" make_fullwidth=\"off\" use_custom_width=\"off\" width_unit=\"on\" use_custom_gutter=\"off\" allow_player_pause=\"off\" parallax=\"off\" parallax_method=\"off\" make_equal=\"off\" parallax_1=\"off\" parallax_method_1=\"off\" module_class=\"pagina-texto\" background_position=\"top_left\" background_repeat=\"repeat\" background_size=\"initial\"][et_pb_column type=\"4_4\"][et_pb_text admin_label=\"Texto\" background_layout=\"light\" text_orientation=\"left\" border_style=\"solid\" background_position=\"top_left\" background_repeat=\"repeat\" background_size=\"initial\" _builder_version=\"3.0.51\"]<\/p><h2>\u00bfQu\u00e9 es Lorem Ipsum?<\/h2><p><strong>Lorem Ipsum<\/strong> es simplemente el texto de relleno de las imprentas y archivos de texto. Lorem Ipsum ha sido el texto de relleno est\u00e1ndar de las industrias desde el a\u00f1o 1500, cuando un impresor (N. del T. persona que se dedica a la imprenta) desconocido us\u00f3 una galer\u00eda de textos y los mezcl\u00f3 de tal manera que logr\u00f3 hacer un libro de textos especimen. No s\u00f3lo sobrevivi\u00f3 500 a\u00f1os, sino que tambien ingres\u00f3 como texto de relleno en documentos electr\u00f3nicos, quedando esencialmente igual al original. Fue popularizado en los 60s con la creaci\u00f3n de las hojas \"Letraset\", las cuales contenian pasajes de Lorem Ipsum, y m\u00e1s recientemente con software de autoedici\u00f3n, como por ejemplo Aldus PageMaker, el cual incluye versiones de Lorem Ipsum.<\/p><h2>\u00bfDe d\u00f3nde viene?<\/h2><p>Al contrario del pensamiento popular, el texto de Lorem Ipsum no es simplemente texto aleatorio. Tiene sus raices en una pieza cl\u00b4sica de la literatura del Latin, que data del a\u00f1o 45 antes de Cristo, haciendo que este adquiera mas de 2000 a\u00f1os de antiguedad. Richard McClintock, un profesor de Latin de la Universidad de Hampden-Sydney en Virginia, encontr\u00f3 una de las palabras m\u00e1s oscuras de la lengua del lat\u00edn, \"consecteur\", en un pasaje de Lorem Ipsum, y al seguir leyendo distintos textos del lat\u00edn, descubri\u00f3 la fuente indudable. Lorem Ipsum viene de las secciones 1.10.32 y 1.10.33 de \"de Finnibus Bonorum et Malorum\" (Los Extremos del Bien y El Mal) por Cicero, escrito en el a\u00f1o 45 antes de Cristo. Este libro es un tratado de teor\u00eda de \u00e9ticas, muy popular durante el Renacimiento. La primera linea del Lorem Ipsum, \"Lorem ipsum dolor sit amet..\", viene de una linea en la secci\u00f3n 1.10.32<\/p><p>El trozo de texto est\u00e1ndar de Lorem Ipsum usado desde el a\u00f1o 1500 es reproducido debajo para aquellos interesados. Las secciones 1.10.32 y 1.10.33 de \"de Finibus Bonorum et Malorum\" por Cicero son tambi\u00e9n reproducidas en su forma original exacta, acompa\u00f1adas por versiones en Ingl\u00e9s de la traducci\u00f3n realizada en 1914 por H. Rackham.<\/p><p>[\/et_pb_text][\/et_pb_column][\/et_pb_row][\/et_pb_section]<\/p>","_et_gb_content_width":"","footnotes":""},"class_list":["post-2443","page","type-page","status-publish","hentry"],"yoast_head":"<!-- This site is optimized with the Yoast SEO plugin v28.3 - https:\/\/yoast.com\/product\/yoast-seo-wordpress\/ -->\n<title>Historia - Colegio Salesiano M\u00aa Auxiliadora Villena<\/title>\n<meta name=\"robots\" content=\"index, follow, max-snippet:-1, max-image-preview:large, max-video-preview:-1\" \/>\n<link rel=\"canonical\" href=\"https:\/\/villena.salesianos.edu\/colegio\/historia\/\" \/>\n<meta property=\"og:locale\" content=\"es_ES\" \/>\n<meta property=\"og:type\" content=\"article\" \/>\n<meta property=\"og:title\" content=\"Historia - Colegio Salesiano M\u00aa Auxiliadora Villena\" \/>\n<meta property=\"og:description\" content=\"Repaso Cronol\u00f3gico El colegio es el punto de partida de la\u00a0presencia Salesiana en Villena\u00a0y su vida tiene un recorrido marcado por las demandas y los momentos hist\u00f3ricos de la ciudad: &nbsp; 1957:\u00a0Funcion\u00f3 como internado con la introducci\u00f3n del Bachiller hasta 6\u00ba.1917:\u00a0Se termin\u00f3 de construir el Colegio y comienza como escuela. 1973:\u00a0Con la Ley del 70 [&hellip;]\" \/>\n<meta property=\"og:url\" content=\"https:\/\/villena.salesianos.edu\/colegio\/historia\/\" \/>\n<meta property=\"og:site_name\" content=\"Colegio Salesiano M\u00aa Auxiliadora Villena\" \/>\n<meta property=\"article:modified_time\" content=\"2024-11-06T11:17:02+00:00\" \/>\n<meta name=\"twitter:card\" content=\"summary_large_image\" \/>\n<meta name=\"twitter:label1\" content=\"Tiempo de lectura\" \/>\n\t<meta name=\"twitter:data1\" content=\"3 minutos\" \/>\n<script type=\"application\/ld+json\" class=\"yoast-schema-graph\">{\"@context\":\"https:\\\/\\\/schema.org\",\"@graph\":[{\"@type\":\"WebPage\",\"@id\":\"https:\\\/\\\/villena.salesianos.edu\\\/colegio\\\/historia\\\/\",\"url\":\"https:\\\/\\\/villena.salesianos.edu\\\/colegio\\\/historia\\\/\",\"name\":\"Historia - Colegio Salesiano M\u00aa Auxiliadora Villena\",\"isPartOf\":{\"@id\":\"https:\\\/\\\/villena.salesianos.edu\\\/colegio\\\/#website\"},\"datePublished\":\"2017-06-27T09:25:32+00:00\",\"dateModified\":\"2024-11-06T11:17:02+00:00\",\"breadcrumb\":{\"@id\":\"https:\\\/\\\/villena.salesianos.edu\\\/colegio\\\/historia\\\/#breadcrumb\"},\"inLanguage\":\"es\",\"potentialAction\":[{\"@type\":\"ReadAction\",\"target\":[\"https:\\\/\\\/villena.salesianos.edu\\\/colegio\\\/historia\\\/\"]}]},{\"@type\":\"BreadcrumbList\",\"@id\":\"https:\\\/\\\/villena.salesianos.edu\\\/colegio\\\/historia\\\/#breadcrumb\",\"itemListElement\":[{\"@type\":\"ListItem\",\"position\":1,\"name\":\"Portada\",\"item\":\"https:\\\/\\\/villena.salesianos.edu\\\/colegio\\\/\"},{\"@type\":\"ListItem\",\"position\":2,\"name\":\"Historia\"}]},{\"@type\":\"WebSite\",\"@id\":\"https:\\\/\\\/villena.salesianos.edu\\\/colegio\\\/#website\",\"url\":\"https:\\\/\\\/villena.salesianos.edu\\\/colegio\\\/\",\"name\":\"Colegio Salesiano M\u00aa Auxiliadora Villena\",\"description\":\"P\u00e1gina oficial Salesianos Villena\",\"potentialAction\":[{\"@type\":\"SearchAction\",\"target\":{\"@type\":\"EntryPoint\",\"urlTemplate\":\"https:\\\/\\\/villena.salesianos.edu\\\/colegio\\\/?s={search_term_string}\"},\"query-input\":{\"@type\":\"PropertyValueSpecification\",\"valueRequired\":true,\"valueName\":\"search_term_string\"}}],\"inLanguage\":\"es\"}]}<\/script>\n<!-- \/ Yoast SEO plugin. -->","yoast_head_json":{"title":"Historia - Colegio Salesiano M\u00aa Auxiliadora Villena","robots":{"index":"index","follow":"follow","max-snippet":"max-snippet:-1","max-image-preview":"max-image-preview:large","max-video-preview":"max-video-preview:-1"},"canonical":"https:\/\/villena.salesianos.edu\/colegio\/historia\/","og_locale":"es_ES","og_type":"article","og_title":"Historia - Colegio Salesiano M\u00aa Auxiliadora Villena","og_description":"Repaso Cronol\u00f3gico El colegio es el punto de partida de la\u00a0presencia Salesiana en Villena\u00a0y su vida tiene un recorrido marcado por las demandas y los momentos hist\u00f3ricos de la ciudad: &nbsp; 1957:\u00a0Funcion\u00f3 como internado con la introducci\u00f3n del Bachiller hasta 6\u00ba.1917:\u00a0Se termin\u00f3 de construir el Colegio y comienza como escuela. 1973:\u00a0Con la Ley del 70 [&hellip;]","og_url":"https:\/\/villena.salesianos.edu\/colegio\/historia\/","og_site_name":"Colegio Salesiano M\u00aa Auxiliadora Villena","article_modified_time":"2024-11-06T11:17:02+00:00","twitter_card":"summary_large_image","twitter_misc":{"Tiempo de lectura":"3 minutos"},"schema":{"@context":"https:\/\/schema.org","@graph":[{"@type":"WebPage","@id":"https:\/\/villena.salesianos.edu\/colegio\/historia\/","url":"https:\/\/villena.salesianos.edu\/colegio\/historia\/","name":"Historia - Colegio Salesiano M\u00aa Auxiliadora Villena","isPartOf":{"@id":"https:\/\/villena.salesianos.edu\/colegio\/#website"},"datePublished":"2017-06-27T09:25:32+00:00","dateModified":"2024-11-06T11:17:02+00:00","breadcrumb":{"@id":"https:\/\/villena.salesianos.edu\/colegio\/historia\/#breadcrumb"},"inLanguage":"es","potentialAction":[{"@type":"ReadAction","target":["https:\/\/villena.salesianos.edu\/colegio\/historia\/"]}]},{"@type":"BreadcrumbList","@id":"https:\/\/villena.salesianos.edu\/colegio\/historia\/#breadcrumb","itemListElement":[{"@type":"ListItem","position":1,"name":"Portada","item":"https:\/\/villena.salesianos.edu\/colegio\/"},{"@type":"ListItem","position":2,"name":"Historia"}]},{"@type":"WebSite","@id":"https:\/\/villena.salesianos.edu\/colegio\/#website","url":"https:\/\/villena.salesianos.edu\/colegio\/","name":"Colegio Salesiano M\u00aa Auxiliadora Villena","description":"P\u00e1gina oficial Salesianos Villena","potentialAction":[{"@type":"SearchAction","target":{"@type":"EntryPoint","urlTemplate":"https:\/\/villena.salesianos.edu\/colegio\/?s={search_term_string}"},"query-input":{"@type":"PropertyValueSpecification","valueRequired":true,"valueName":"search_term_string"}}],"inLanguage":"es"}]}},"_links":{"self":[{"href":"https:\/\/villena.salesianos.edu\/colegio\/wp-json\/wp\/v2\/pages\/2443","targetHints":{"allow":["GET"]}}],"collection":[{"href":"https:\/\/villena.salesianos.edu\/colegio\/wp-json\/wp\/v2\/pages"}],"about":[{"href":"https:\/\/villena.salesianos.edu\/colegio\/wp-json\/wp\/v2\/types\/page"}],"author":[{"embeddable":true,"href":"https:\/\/villena.salesianos.edu\/colegio\/wp-json\/wp\/v2\/users\/2"}],"replies":[{"embeddable":true,"href":"https:\/\/villena.salesianos.edu\/colegio\/wp-json\/wp\/v2\/comments?post=2443"}],"version-history":[{"count":23,"href":"https:\/\/villena.salesianos.edu\/colegio\/wp-json\/wp\/v2\/pages\/2443\/revisions"}],"predecessor-version":[{"id":15786,"href":"https:\/\/villena.salesianos.edu\/colegio\/wp-json\/wp\/v2\/pages\/2443\/revisions\/15786"}],"wp:attachment":[{"href":"https:\/\/villena.salesianos.edu\/colegio\/wp-json\/wp\/v2\/media?parent=2443"}],"curies":[{"name":"wp","href":"https:\/\/api.w.org\/{rel}","templated":true}]}}