{"id":2817,"date":"2017-07-03T21:46:05","date_gmt":"2017-07-03T20:46:05","guid":{"rendered":"https:\/\/villena.salesianos.edu\/colegio\/habilidades-2\/"},"modified":"2017-08-27T15:04:33","modified_gmt":"2017-08-27T14:04:33","slug":"habilidades","status":"publish","type":"page","link":"https:\/\/villena.salesianos.edu\/colegio\/habilidades\/","title":{"rendered":"Habilidades Ling\u00fc\u00edsticas"},"content":{"rendered":"<p>[et_pb_section bb_built=\u00bb1&#8243; admin_label=\u00bbSecci\u00f3n\u00bb fullwidth=\u00bbon\u00bb specialty=\u00bboff\u00bb][et_pb_fullwidth_header admin_label=\u00bbT\u00edtulo de anchura completa\u00bb title=\u00bbHabilidades Ling\u00fc\u00edsticas\u00bb background_layout=\u00bblight\u00bb text_orientation=\u00bbleft\u00bb header_fullscreen=\u00bboff\u00bb header_scroll_down=\u00bboff\u00bb background_url=\u00bbhttps:\/\/inspectoria.salesianos.edu\/wp-content\/uploads\/2017\/02\/ImagenPAGINA01.png\u00bb content_orientation=\u00bbcenter\u00bb image_orientation=\u00bbcenter\u00bb title_font_color=\u00bb#ffffff\u00bb custom_button_one=\u00bboff\u00bb button_one_letter_spacing=\u00bb0&#8243; button_one_icon_placement=\u00bbright\u00bb button_one_letter_spacing_hover=\u00bb0&#8243; custom_button_two=\u00bboff\u00bb button_two_letter_spacing=\u00bb0&#8243; button_two_icon_placement=\u00bbright\u00bb button_two_letter_spacing_hover=\u00bb0&#8243; module_class=\u00bbpagina-imagen-cabecera\u00bb title_font_size=\u00bb40px\u00bb _builder_version=\u00bb3.0.51&#8243; background_image=\u00bbhttps:\/\/villena.salesianos.edu\/colegio\/wp-content\/uploads\/sites\/3\/2017\/07\/bac-stmg-mercatique-2015-decouvrez-notre-corrige-lg-29314.jpg\u00bb \/][\/et_pb_section][et_pb_section bb_built=\u00bb1&#8243; admin_label=\u00bbSecci\u00f3n\u00bb fullwidth=\u00bboff\u00bb specialty=\u00bboff\u00bb transparent_background=\u00bboff\u00bb allow_player_pause=\u00bboff\u00bb inner_shadow=\u00bboff\u00bb parallax=\u00bboff\u00bb parallax_method=\u00bboff\u00bb custom_padding=\u00bb-4%|||\u00bb make_fullwidth=\u00bboff\u00bb use_custom_width=\u00bboff\u00bb width_unit=\u00bbon\u00bb make_equal=\u00bboff\u00bb use_custom_gutter=\u00bboff\u00bb module_class=\u00bbpagina-seccion-contenido\u00bb][et_pb_row admin_label=\u00bbFila\u00bb make_fullwidth=\u00bboff\u00bb use_custom_width=\u00bboff\u00bb width_unit=\u00bbon\u00bb use_custom_gutter=\u00bboff\u00bb allow_player_pause=\u00bboff\u00bb parallax=\u00bboff\u00bb parallax_method=\u00bboff\u00bb make_equal=\u00bboff\u00bb parallax_1=\u00bboff\u00bb parallax_method_1=\u00bboff\u00bb module_class=\u00bbpagina-texto\u00bb background_position=\u00bbtop_left\u00bb background_repeat=\u00bbrepeat\u00bb background_size=\u00bbinitial\u00bb][et_pb_column type=\u00bb4_4&#8243;][et_pb_text admin_label=\u00bbTexto\u00bb background_layout=\u00bblight\u00bb text_orientation=\u00bbleft\u00bb border_style=\u00bbsolid\u00bb background_position=\u00bbtop_left\u00bb background_repeat=\u00bbrepeat\u00bb background_size=\u00bbinitial\u00bb _builder_version=\u00bb3.0.51&#8243;]<\/p>\n<h1 class=\"entry-title\">Habilidades Ling\u00fc\u00edsticas<\/h1>\n<div class=\"et_pb_text et_pb_module et_pb_bg_layout_light et_pb_text_align_justified et_pb_text_0\">\n<div class=\"et_pb_text_inner\">\n<blockquote><p>A partir del curso 2012-2013, tras una intensa y continua formaci\u00f3n del profesorado de la etapa junto con compa\u00f1eros de Primaria, en este tema. Iniciamos el Proyecto de Habilidades Ling\u00fc\u00edsticas.<\/p><\/blockquote>\n<div id=\"attachment_2807\" style=\"width: 310px\" class=\"wp-caption alignleft\"><img loading=\"lazy\" decoding=\"async\" aria-describedby=\"caption-attachment-2807\" class=\"wp-image-2807 size-medium\" src=\"https:\/\/villena.salesianos.edu\/colegio\/wp-content\/uploads\/sites\/3\/2017\/07\/asambleaclase01-300x169.jpg\" alt=\"\" width=\"300\" height=\"169\" srcset=\"https:\/\/villena.salesianos.edu\/colegio\/wp-content\/uploads\/sites\/3\/2017\/07\/asambleaclase01-300x169.jpg 300w, https:\/\/villena.salesianos.edu\/colegio\/wp-content\/uploads\/sites\/3\/2017\/07\/asambleaclase01-768x432.jpg 768w, https:\/\/villena.salesianos.edu\/colegio\/wp-content\/uploads\/sites\/3\/2017\/07\/asambleaclase01-1024x576.jpg 1024w, https:\/\/villena.salesianos.edu\/colegio\/wp-content\/uploads\/sites\/3\/2017\/07\/asambleaclase01-1080x608.jpg 1080w, https:\/\/villena.salesianos.edu\/colegio\/wp-content\/uploads\/sites\/3\/2017\/07\/asambleaclase01.jpg 1280w\" sizes=\"(max-width: 300px) 100vw, 300px\" \/><p id=\"caption-attachment-2807\" class=\"wp-caption-text\">Habilidades orales<\/p><\/div>\n<p><span style=\"font-weight: 400;\">Desde el mismo momento de nacer, las personas m\u00e1s cercanas a los ni\u00f1os y ni\u00f1as, \u00a0tienen una funci\u00f3n de gran importancia en el desarrollo del lenguaje, la estimulaci\u00f3n que reciban los m\u00e1s peque\u00f1os va a determinar la aparici\u00f3n y el ritmo del lenguaje.<\/span><\/p>\n<p><span style=\"font-weight: 400;\">Adem\u00e1s, el desarrollo de las habilidades ling\u00fc\u00edsticas se relacionan \u00edntimamente con la lectoescritura.<\/span><\/p>\n<p><span style=\"font-weight: 400;\">Para favorecer este desarrollo desde Infantil comenzamos a trabajar las destrezas Ling\u00fc\u00edsticas en el colegio.<\/span><\/p>\n<p><span style=\"font-weight: 400;\">Desde 3 a\u00f1os trabajamos los \u00e1mbitos:<\/span><\/p>\n<div id=\"attachment_2806\" style=\"width: 310px\" class=\"wp-caption alignright\"><img loading=\"lazy\" decoding=\"async\" aria-describedby=\"caption-attachment-2806\" class=\"wp-image-2806 size-medium\" src=\"https:\/\/villena.salesianos.edu\/colegio\/wp-content\/uploads\/sites\/3\/2017\/07\/dibujoinf00001-300x200.jpg\" alt=\"\" width=\"300\" height=\"200\" srcset=\"https:\/\/villena.salesianos.edu\/colegio\/wp-content\/uploads\/sites\/3\/2017\/07\/dibujoinf00001-300x200.jpg 300w, https:\/\/villena.salesianos.edu\/colegio\/wp-content\/uploads\/sites\/3\/2017\/07\/dibujoinf00001-768x512.jpg 768w, https:\/\/villena.salesianos.edu\/colegio\/wp-content\/uploads\/sites\/3\/2017\/07\/dibujoinf00001.jpg 800w\" sizes=\"(max-width: 300px) 100vw, 300px\" \/><p id=\"caption-attachment-2806\" class=\"wp-caption-text\">Discriminaci\u00f3n visual y auditiva<\/p><\/div>\n<ul>\n<li style=\"font-weight: 400;\"><strong>Percepci\u00f3n Visual<\/strong><span style=\"font-weight: 400;\"><strong>:<\/strong> descubrimos que im\u00e1genes son diferentes al modelo, trabajando as\u00ed la atenci\u00f3n visual.<\/span><\/li>\n<li style=\"font-weight: 400;\"><strong>Trazo<\/strong><span style=\"font-weight: 400;\"><strong>:<\/strong> desarrollo de la motricidad fina.<\/span><\/li>\n<li style=\"font-weight: 400;\"><strong>Discriminaci\u00f3n auditiva<\/strong><span style=\"font-weight: 400;\"><strong>:<\/strong> averiguamos que objeto se nombra, desarrollando la atenci\u00f3n auditiva.<\/span><\/li>\n<li style=\"font-weight: 400;\"><strong>Praxias orales<\/strong><span style=\"font-weight: 400;\"><strong>:<\/strong> a modo de juego estimulamos el desarrollo f\u00edsico de la boca, lengua&#8230;<\/span><\/li>\n<\/ul>\n<p><span style=\"font-weight: 400;\">Ampliando en 4 y 5 a\u00f1os estos \u00e1mbitos con:<\/span><\/p>\n<ul>\n<li style=\"font-weight: 400;\"><strong>Habilidades Fonol\u00f3gicas<\/strong><span style=\"font-weight: 400;\"><strong>:<\/strong> Capacidad del ni\u00f1o para entender que \u00a0un grafema est\u00e1 asociado a un fonema y que ambos tienen un significado determinado.<\/span><\/li>\n<li style=\"font-weight: 400;\"><strong>Fluidez lectora<\/strong><span style=\"font-weight: 400;\"><strong>:<\/strong> se trabaja la direccionalidad y atenci\u00f3n mediante la lectura de im\u00e1genes.<\/span><\/li>\n<\/ul>\n<p>&nbsp;<\/p>\n<\/div>\n<\/div>\n<p>[\/et_pb_text][\/et_pb_column][\/et_pb_row][et_pb_row admin_label=\u00bbFila\u00bb make_fullwidth=\u00bboff\u00bb use_custom_width=\u00bboff\u00bb width_unit=\u00bbon\u00bb use_custom_gutter=\u00bboff\u00bb padding_mobile=\u00bboff\u00bb allow_player_pause=\u00bboff\u00bb parallax=\u00bboff\u00bb parallax_method=\u00bboff\u00bb make_equal=\u00bboff\u00bb parallax_1=\u00bboff\u00bb parallax_method_1=\u00bboff\u00bb column_padding_mobile=\u00bbon\u00bb module_id=\u00bbportada-seccion\u00bb background_position=\u00bbtop_left\u00bb background_repeat=\u00bbrepeat\u00bb background_size=\u00bbinitial\u00bb][et_pb_column type=\u00bb4_4&#8243;][et_pb_blurb admin_label=\u00bbT\u00edtulo secci\u00f3n: Proyectos de Trabajo\u00bb title=\u00bbProyectos de Trabajo\u00bb url_new_window=\u00bboff\u00bb use_icon=\u00bbon\u00bb font_icon=\u00bb%%74%%\u00bb use_circle=\u00bboff\u00bb use_circle_border=\u00bboff\u00bb icon_placement=\u00bbleft\u00bb animation=\u00bbtop\u00bb background_layout=\u00bblight\u00bb use_icon_font_size=\u00bboff\u00bb border_style=\u00bbsolid\u00bb module_id=\u00bbportada-titulo-seccion\u00bb background_position=\u00bbtop_left\u00bb background_repeat=\u00bbrepeat\u00bb background_size=\u00bbinitial\u00bb _builder_version=\u00bb3.0.51&#8243; \/][\/et_pb_column][\/et_pb_row][et_pb_row admin_label=\u00bbFila\u00bb make_fullwidth=\u00bbon\u00bb parallax_method=\u00bboff\u00bb parallax_method_1=\u00bboff\u00bb parallax_2=\u00bboff\u00bb parallax_method_2=\u00bboff\u00bb parallax_3=\u00bboff\u00bb parallax_method_3=\u00bboff\u00bb parallax_4=\u00bboff\u00bb parallax_method_4=\u00bboff\u00bb module_class=\u00bbcinco-columnas\u00bb padding_mobile=\u00bboff\u00bb column_padding_mobile=\u00bbon\u00bb background_position=\u00bbtop_left\u00bb background_repeat=\u00bbrepeat\u00bb background_size=\u00bbinitial\u00bb _builder_version=\u00bb3.0.51&#8243; background_position_1=\u00bbtop_left\u00bb background_repeat_1=\u00bbno-repeat\u00bb][et_pb_column type=\u00bb4_4&#8243;][et_pb_blurb admin_label=\u00bbProyectos Globalizados\u00bb title=\u00bbProyectos Globalizados\u00bb url_new_window=\u00bboff\u00bb use_icon=\u00bboff\u00bb font_icon=\u00bb%%65%%\u00bb use_circle=\u00bbon\u00bb circle_color=\u00bb#ffffff\u00bb use_circle_border=\u00bbon\u00bb circle_border_color=\u00bb#727272&#8243; icon_placement=\u00bbtop\u00bb animation=\u00bbtop\u00bb background_layout=\u00bblight\u00bb text_orientation=\u00bbcenter\u00bb use_icon_font_size=\u00bboff\u00bb border_style=\u00bbsolid\u00bb body_font_size=\u00bb24&#8243; url=\u00bbhttps:\/\/villena.salesianos.edu\/colegio\/proyectosglobalizados\/\u00bb header_font=\u00bbArial||||\u00bb header_font_size=\u00bb14&#8243; background_position=\u00bbtop_left\u00bb background_repeat=\u00bbrepeat\u00bb background_size=\u00bbinitial\u00bb _builder_version=\u00bb3.0.51&#8243; header_text_color=\u00bb#727272&#8243; image=\u00bbhttps:\/\/villena.salesianos.edu\/colegio\/wp-content\/uploads\/sites\/3\/2017\/06\/proyectos-circ.jpg\u00bb \/][et_pb_blurb admin_label=\u00bbHabilidades Ling\u00fc\u00edsticas\u00bb title=\u00bbHabilidades Ling\u00fc\u00edsticas\u00bb url_new_window=\u00bboff\u00bb use_icon=\u00bboff\u00bb font_icon=\u00bb%%372%%\u00bb use_circle=\u00bbon\u00bb circle_color=\u00bb#ffffff\u00bb use_circle_border=\u00bbon\u00bb icon_placement=\u00bbtop\u00bb animation=\u00bbtop\u00bb background_layout=\u00bblight\u00bb text_orientation=\u00bbcenter\u00bb use_icon_font_size=\u00bboff\u00bb border_style=\u00bbsolid\u00bb body_font_size=\u00bb24&#8243; url=\u00bbhttps:\/\/villena.salesianos.edu\/colegio\/habilidades\/\u00bb header_font_size=\u00bb14&#8243; background_position=\u00bbtop_left\u00bb background_repeat=\u00bbrepeat\u00bb background_size=\u00bbinitial\u00bb _builder_version=\u00bb3.0.51&#8243; circle_border_color=\u00bb#727272&#8243; header_text_color=\u00bb#727272&#8243; image=\u00bbhttps:\/\/villena.salesianos.edu\/colegio\/wp-content\/uploads\/sites\/3\/2017\/06\/habilidades-circ.jpg\u00bb \/][et_pb_blurb admin_label=\u00bbLectoescritura\u00bb title=\u00bbLectoescritura\u00bb url_new_window=\u00bboff\u00bb use_icon=\u00bboff\u00bb font_icon=\u00bb%%259%%\u00bb use_circle=\u00bbon\u00bb circle_color=\u00bb#ffffff\u00bb use_circle_border=\u00bbon\u00bb icon_placement=\u00bbtop\u00bb animation=\u00bbtop\u00bb background_layout=\u00bblight\u00bb text_orientation=\u00bbcenter\u00bb use_icon_font_size=\u00bboff\u00bb border_style=\u00bbsolid\u00bb body_font_size=\u00bb24&#8243; url=\u00bbhttps:\/\/villena.salesianos.edu\/colegio\/lectoescritura\u00bb header_font_size=\u00bb14&#8243; background_position=\u00bbtop_left\u00bb background_repeat=\u00bbrepeat\u00bb background_size=\u00bbinitial\u00bb _builder_version=\u00bb3.0.51&#8243; circle_border_color=\u00bb#727272&#8243; header_text_color=\u00bb#727272&#8243; image=\u00bbhttps:\/\/villena.salesianos.edu\/colegio\/wp-content\/uploads\/sites\/3\/2017\/06\/lecto-circ.jpg\u00bb \/][et_pb_blurb admin_label=\u00bbSomos Artistas\u00bb title=\u00bbSomos Artistas\u00bb url_new_window=\u00bboff\u00bb use_icon=\u00bboff\u00bb font_icon=\u00bb%%51%%\u00bb use_circle=\u00bbon\u00bb circle_color=\u00bb#ffffff\u00bb use_circle_border=\u00bbon\u00bb circle_border_color=\u00bb#727272&#8243; icon_placement=\u00bbtop\u00bb animation=\u00bbtop\u00bb background_layout=\u00bblight\u00bb text_orientation=\u00bbcenter\u00bb use_icon_font_size=\u00bboff\u00bb border_style=\u00bbsolid\u00bb body_font_size=\u00bb24&#8243; header_font_size=\u00bb14&#8243; background_position=\u00bbtop_left\u00bb background_repeat=\u00bbrepeat\u00bb background_size=\u00bbinitial\u00bb _builder_version=\u00bb3.0.51&#8243; url=\u00bbhttps:\/\/villena.salesianos.edu\/colegio\/somosartistas\/\u00bb header_text_color=\u00bb#727272&#8243; image=\u00bbhttps:\/\/villena.salesianos.edu\/colegio\/wp-content\/uploads\/sites\/3\/2017\/06\/artista-circ.jpg\u00bb \/][et_pb_blurb admin_label=\u00bbMatem\u00e1ticas ABN\u00bb title=\u00bbMatem\u00e1ticas ABN\u00bb url_new_window=\u00bboff\u00bb use_icon=\u00bboff\u00bb font_icon=\u00bb%%86%%\u00bb use_circle=\u00bbon\u00bb circle_color=\u00bb#ffffff\u00bb use_circle_border=\u00bbon\u00bb circle_border_color=\u00bb#727272&#8243; icon_placement=\u00bbtop\u00bb animation=\u00bbtop\u00bb background_layout=\u00bblight\u00bb text_orientation=\u00bbcenter\u00bb use_icon_font_size=\u00bboff\u00bb border_style=\u00bbsolid\u00bb body_font_size=\u00bb24&#8243; header_font_size=\u00bb14&#8243; background_position=\u00bbtop_left\u00bb background_repeat=\u00bbrepeat\u00bb background_size=\u00bbinitial\u00bb _builder_version=\u00bb3.0.51&#8243; url=\u00bbhttps:\/\/villena.salesianos.edu\/colegio\/abn\/\u00bb header_text_color=\u00bb#727272&#8243; image=\u00bbhttps:\/\/villena.salesianos.edu\/colegio\/wp-content\/uploads\/sites\/3\/2017\/06\/abn-circ.jpg\u00bb \/][\/et_pb_column][\/et_pb_row][\/et_pb_section]<\/p>\n","protected":false},"excerpt":{"rendered":"<p>Habilidades Ling\u00fc\u00edsticas A partir del curso 2012-2013, tras una intensa y continua formaci\u00f3n del profesorado de la etapa junto con compa\u00f1eros de Primaria, en este tema. Iniciamos el Proyecto de Habilidades Ling\u00fc\u00edsticas. Desde el mismo momento de nacer, las personas m\u00e1s cercanas a los ni\u00f1os y ni\u00f1as, \u00a0tienen una funci\u00f3n de gran importancia en el [&hellip;]<\/p>\n","protected":false},"author":2,"featured_media":0,"parent":0,"menu_order":0,"comment_status":"closed","ping_status":"closed","template":"","meta":{"_et_pb_use_builder":"on","_et_pb_old_content":"","_et_gb_content_width":"","footnotes":""},"class_list":["post-2817","page","type-page","status-publish","hentry"],"yoast_head":"<!-- This site is optimized with the Yoast SEO plugin v28.3 - https:\/\/yoast.com\/product\/yoast-seo-wordpress\/ -->\n<title>Habilidades Ling\u00fc\u00edsticas - Colegio Salesiano M\u00aa Auxiliadora Villena<\/title>\n<meta name=\"robots\" content=\"index, follow, max-snippet:-1, max-image-preview:large, max-video-preview:-1\" \/>\n<link rel=\"canonical\" href=\"https:\/\/villena.salesianos.edu\/colegio\/habilidades\/\" \/>\n<meta property=\"og:locale\" content=\"es_ES\" \/>\n<meta property=\"og:type\" content=\"article\" \/>\n<meta property=\"og:title\" content=\"Habilidades Ling\u00fc\u00edsticas - Colegio Salesiano M\u00aa Auxiliadora Villena\" \/>\n<meta property=\"og:description\" content=\"Habilidades Ling\u00fc\u00edsticas A partir del curso 2012-2013, tras una intensa y continua formaci\u00f3n del profesorado de la etapa junto con compa\u00f1eros de Primaria, en este tema. Iniciamos el Proyecto de Habilidades Ling\u00fc\u00edsticas. Desde el mismo momento de nacer, las personas m\u00e1s cercanas a los ni\u00f1os y ni\u00f1as, \u00a0tienen una funci\u00f3n de gran importancia en el [&hellip;]\" \/>\n<meta property=\"og:url\" content=\"https:\/\/villena.salesianos.edu\/colegio\/habilidades\/\" \/>\n<meta property=\"og:site_name\" content=\"Colegio Salesiano M\u00aa Auxiliadora Villena\" \/>\n<meta property=\"article:modified_time\" content=\"2017-08-27T14:04:33+00:00\" \/>\n<meta property=\"og:image\" content=\"https:\/\/villena.salesianos.edu\/colegio\/wp-content\/uploads\/sites\/3\/2017\/07\/asambleaclase01-300x169.jpg\" \/>\n<meta name=\"twitter:card\" content=\"summary_large_image\" \/>\n<meta name=\"twitter:label1\" content=\"Tiempo de lectura\" \/>\n\t<meta name=\"twitter:data1\" content=\"6 minutos\" \/>\n<script type=\"application\/ld+json\" class=\"yoast-schema-graph\">{\"@context\":\"https:\\\/\\\/schema.org\",\"@graph\":[{\"@type\":\"WebPage\",\"@id\":\"https:\\\/\\\/villena.salesianos.edu\\\/colegio\\\/habilidades\\\/\",\"url\":\"https:\\\/\\\/villena.salesianos.edu\\\/colegio\\\/habilidades\\\/\",\"name\":\"Habilidades Ling\u00fc\u00edsticas - Colegio Salesiano M\u00aa Auxiliadora Villena\",\"isPartOf\":{\"@id\":\"https:\\\/\\\/villena.salesianos.edu\\\/colegio\\\/#website\"},\"primaryImageOfPage\":{\"@id\":\"https:\\\/\\\/villena.salesianos.edu\\\/colegio\\\/habilidades\\\/#primaryimage\"},\"image\":{\"@id\":\"https:\\\/\\\/villena.salesianos.edu\\\/colegio\\\/habilidades\\\/#primaryimage\"},\"thumbnailUrl\":\"https:\\\/\\\/villena.salesianos.edu\\\/colegio\\\/wp-content\\\/uploads\\\/sites\\\/3\\\/2017\\\/07\\\/asambleaclase01-300x169.jpg\",\"datePublished\":\"2017-07-03T20:46:05+00:00\",\"dateModified\":\"2017-08-27T14:04:33+00:00\",\"breadcrumb\":{\"@id\":\"https:\\\/\\\/villena.salesianos.edu\\\/colegio\\\/habilidades\\\/#breadcrumb\"},\"inLanguage\":\"es\",\"potentialAction\":[{\"@type\":\"ReadAction\",\"target\":[\"https:\\\/\\\/villena.salesianos.edu\\\/colegio\\\/habilidades\\\/\"]}]},{\"@type\":\"ImageObject\",\"inLanguage\":\"es\",\"@id\":\"https:\\\/\\\/villena.salesianos.edu\\\/colegio\\\/habilidades\\\/#primaryimage\",\"url\":\"https:\\\/\\\/villena.salesianos.edu\\\/colegio\\\/wp-content\\\/uploads\\\/sites\\\/3\\\/2017\\\/07\\\/asambleaclase01.jpg\",\"contentUrl\":\"https:\\\/\\\/villena.salesianos.edu\\\/colegio\\\/wp-content\\\/uploads\\\/sites\\\/3\\\/2017\\\/07\\\/asambleaclase01.jpg\",\"width\":1280,\"height\":720,\"caption\":\"Habilidades orales\"},{\"@type\":\"BreadcrumbList\",\"@id\":\"https:\\\/\\\/villena.salesianos.edu\\\/colegio\\\/habilidades\\\/#breadcrumb\",\"itemListElement\":[{\"@type\":\"ListItem\",\"position\":1,\"name\":\"Portada\",\"item\":\"https:\\\/\\\/villena.salesianos.edu\\\/colegio\\\/\"},{\"@type\":\"ListItem\",\"position\":2,\"name\":\"Habilidades Ling\u00fc\u00edsticas\"}]},{\"@type\":\"WebSite\",\"@id\":\"https:\\\/\\\/villena.salesianos.edu\\\/colegio\\\/#website\",\"url\":\"https:\\\/\\\/villena.salesianos.edu\\\/colegio\\\/\",\"name\":\"Colegio Salesiano M\u00aa Auxiliadora Villena\",\"description\":\"P\u00e1gina oficial Salesianos Villena\",\"potentialAction\":[{\"@type\":\"SearchAction\",\"target\":{\"@type\":\"EntryPoint\",\"urlTemplate\":\"https:\\\/\\\/villena.salesianos.edu\\\/colegio\\\/?s={search_term_string}\"},\"query-input\":{\"@type\":\"PropertyValueSpecification\",\"valueRequired\":true,\"valueName\":\"search_term_string\"}}],\"inLanguage\":\"es\"}]}<\/script>\n<!-- \/ Yoast SEO plugin. -->","yoast_head_json":{"title":"Habilidades Ling\u00fc\u00edsticas - Colegio Salesiano M\u00aa Auxiliadora Villena","robots":{"index":"index","follow":"follow","max-snippet":"max-snippet:-1","max-image-preview":"max-image-preview:large","max-video-preview":"max-video-preview:-1"},"canonical":"https:\/\/villena.salesianos.edu\/colegio\/habilidades\/","og_locale":"es_ES","og_type":"article","og_title":"Habilidades Ling\u00fc\u00edsticas - Colegio Salesiano M\u00aa Auxiliadora Villena","og_description":"Habilidades Ling\u00fc\u00edsticas A partir del curso 2012-2013, tras una intensa y continua formaci\u00f3n del profesorado de la etapa junto con compa\u00f1eros de Primaria, en este tema. Iniciamos el Proyecto de Habilidades Ling\u00fc\u00edsticas. Desde el mismo momento de nacer, las personas m\u00e1s cercanas a los ni\u00f1os y ni\u00f1as, \u00a0tienen una funci\u00f3n de gran importancia en el [&hellip;]","og_url":"https:\/\/villena.salesianos.edu\/colegio\/habilidades\/","og_site_name":"Colegio Salesiano M\u00aa Auxiliadora Villena","article_modified_time":"2017-08-27T14:04:33+00:00","og_image":[{"url":"https:\/\/villena.salesianos.edu\/colegio\/wp-content\/uploads\/sites\/3\/2017\/07\/asambleaclase01-300x169.jpg","type":"","width":"","height":""}],"twitter_card":"summary_large_image","twitter_misc":{"Tiempo de lectura":"6 minutos"},"schema":{"@context":"https:\/\/schema.org","@graph":[{"@type":"WebPage","@id":"https:\/\/villena.salesianos.edu\/colegio\/habilidades\/","url":"https:\/\/villena.salesianos.edu\/colegio\/habilidades\/","name":"Habilidades Ling\u00fc\u00edsticas - Colegio Salesiano M\u00aa Auxiliadora Villena","isPartOf":{"@id":"https:\/\/villena.salesianos.edu\/colegio\/#website"},"primaryImageOfPage":{"@id":"https:\/\/villena.salesianos.edu\/colegio\/habilidades\/#primaryimage"},"image":{"@id":"https:\/\/villena.salesianos.edu\/colegio\/habilidades\/#primaryimage"},"thumbnailUrl":"https:\/\/villena.salesianos.edu\/colegio\/wp-content\/uploads\/sites\/3\/2017\/07\/asambleaclase01-300x169.jpg","datePublished":"2017-07-03T20:46:05+00:00","dateModified":"2017-08-27T14:04:33+00:00","breadcrumb":{"@id":"https:\/\/villena.salesianos.edu\/colegio\/habilidades\/#breadcrumb"},"inLanguage":"es","potentialAction":[{"@type":"ReadAction","target":["https:\/\/villena.salesianos.edu\/colegio\/habilidades\/"]}]},{"@type":"ImageObject","inLanguage":"es","@id":"https:\/\/villena.salesianos.edu\/colegio\/habilidades\/#primaryimage","url":"https:\/\/villena.salesianos.edu\/colegio\/wp-content\/uploads\/sites\/3\/2017\/07\/asambleaclase01.jpg","contentUrl":"https:\/\/villena.salesianos.edu\/colegio\/wp-content\/uploads\/sites\/3\/2017\/07\/asambleaclase01.jpg","width":1280,"height":720,"caption":"Habilidades orales"},{"@type":"BreadcrumbList","@id":"https:\/\/villena.salesianos.edu\/colegio\/habilidades\/#breadcrumb","itemListElement":[{"@type":"ListItem","position":1,"name":"Portada","item":"https:\/\/villena.salesianos.edu\/colegio\/"},{"@type":"ListItem","position":2,"name":"Habilidades Ling\u00fc\u00edsticas"}]},{"@type":"WebSite","@id":"https:\/\/villena.salesianos.edu\/colegio\/#website","url":"https:\/\/villena.salesianos.edu\/colegio\/","name":"Colegio Salesiano M\u00aa Auxiliadora Villena","description":"P\u00e1gina oficial Salesianos Villena","potentialAction":[{"@type":"SearchAction","target":{"@type":"EntryPoint","urlTemplate":"https:\/\/villena.salesianos.edu\/colegio\/?s={search_term_string}"},"query-input":{"@type":"PropertyValueSpecification","valueRequired":true,"valueName":"search_term_string"}}],"inLanguage":"es"}]}},"_links":{"self":[{"href":"https:\/\/villena.salesianos.edu\/colegio\/wp-json\/wp\/v2\/pages\/2817","targetHints":{"allow":["GET"]}}],"collection":[{"href":"https:\/\/villena.salesianos.edu\/colegio\/wp-json\/wp\/v2\/pages"}],"about":[{"href":"https:\/\/villena.salesianos.edu\/colegio\/wp-json\/wp\/v2\/types\/page"}],"author":[{"embeddable":true,"href":"https:\/\/villena.salesianos.edu\/colegio\/wp-json\/wp\/v2\/users\/2"}],"replies":[{"embeddable":true,"href":"https:\/\/villena.salesianos.edu\/colegio\/wp-json\/wp\/v2\/comments?post=2817"}],"version-history":[{"count":2,"href":"https:\/\/villena.salesianos.edu\/colegio\/wp-json\/wp\/v2\/pages\/2817\/revisions"}],"predecessor-version":[{"id":3557,"href":"https:\/\/villena.salesianos.edu\/colegio\/wp-json\/wp\/v2\/pages\/2817\/revisions\/3557"}],"wp:attachment":[{"href":"https:\/\/villena.salesianos.edu\/colegio\/wp-json\/wp\/v2\/media?parent=2817"}],"curies":[{"name":"wp","href":"https:\/\/api.w.org\/{rel}","templated":true}]}}