{"id":3339,"date":"2017-07-20T14:51:10","date_gmt":"2017-07-20T13:51:10","guid":{"rendered":"https:\/\/villena.salesianos.edu\/colegio\/?page_id=3339"},"modified":"2017-07-20T15:22:08","modified_gmt":"2017-07-20T14:22:08","slug":"asociacionampa","status":"publish","type":"page","link":"https:\/\/villena.salesianos.edu\/colegio\/asociacionampa\/","title":{"rendered":"La Asociaci\u00f3n"},"content":{"rendered":"<p>[et_pb_section bb_built=\u00bb1&#8243; admin_label=\u00bbSecci\u00f3n\u00bb fullwidth=\u00bbon\u00bb specialty=\u00bboff\u00bb][et_pb_fullwidth_header admin_label=\u00bbT\u00edtulo de anchura completa\u00bb title=\u00bbLa Asociaci\u00f3n\u00bb background_layout=\u00bblight\u00bb text_orientation=\u00bbleft\u00bb header_fullscreen=\u00bboff\u00bb header_scroll_down=\u00bboff\u00bb background_url=\u00bbhttps:\/\/inspectoria.salesianos.edu\/wp-content\/uploads\/2017\/02\/ImagenPAGINA01.png\u00bb content_orientation=\u00bbcenter\u00bb image_orientation=\u00bbcenter\u00bb title_font_color=\u00bb#ffffff\u00bb custom_button_one=\u00bboff\u00bb button_one_letter_spacing=\u00bb0&#8243; button_one_icon_placement=\u00bbright\u00bb button_one_letter_spacing_hover=\u00bb0&#8243; custom_button_two=\u00bboff\u00bb button_two_letter_spacing=\u00bb0&#8243; button_two_icon_placement=\u00bbright\u00bb button_two_letter_spacing_hover=\u00bb0&#8243; module_class=\u00bbpagina-imagen-cabecera\u00bb title_font_size=\u00bb40px\u00bb _builder_version=\u00bb3.0.51&#8243; background_image=\u00bbhttps:\/\/villena.salesianos.edu\/colegio\/wp-content\/uploads\/sites\/3\/2017\/07\/FB_IMG_1500346328524.jpg\u00bb \/][\/et_pb_section][et_pb_section bb_built=\u00bb1&#8243; admin_label=\u00bbSecci\u00f3n\u00bb fullwidth=\u00bboff\u00bb specialty=\u00bboff\u00bb transparent_background=\u00bboff\u00bb allow_player_pause=\u00bboff\u00bb inner_shadow=\u00bboff\u00bb parallax=\u00bboff\u00bb parallax_method=\u00bboff\u00bb custom_padding=\u00bb-4%|||\u00bb make_fullwidth=\u00bboff\u00bb use_custom_width=\u00bboff\u00bb width_unit=\u00bbon\u00bb make_equal=\u00bboff\u00bb use_custom_gutter=\u00bboff\u00bb module_class=\u00bbpagina-seccion-contenido\u00bb][et_pb_row admin_label=\u00bbFila\u00bb make_fullwidth=\u00bboff\u00bb use_custom_width=\u00bboff\u00bb width_unit=\u00bbon\u00bb use_custom_gutter=\u00bboff\u00bb allow_player_pause=\u00bboff\u00bb parallax=\u00bboff\u00bb parallax_method=\u00bboff\u00bb make_equal=\u00bboff\u00bb parallax_1=\u00bboff\u00bb parallax_method_1=\u00bboff\u00bb module_class=\u00bbpagina-texto\u00bb background_position=\u00bbtop_left\u00bb background_repeat=\u00bbrepeat\u00bb background_size=\u00bbinitial\u00bb][et_pb_column type=\u00bb4_4&#8243;][et_pb_text admin_label=\u00bbTexto\u00bb background_layout=\u00bblight\u00bb text_orientation=\u00bbleft\u00bb border_style=\u00bbsolid\u00bb _builder_version=\u00bb3.0.51&#8243;]<\/p>\n<p>&nbsp;<\/p>\n<h2>Asociaci\u00f3n de Madres y Padres Colegio M\u00aa Auxiliadora<\/h2>\n<blockquote><p><strong>La Asociaci\u00f3n de Madres y Padres de Alumnos del Colegio Mar\u00eda Auxiliadora \u2013 Salesianos de Villena, es una organizaci\u00f3n sin \u00e1nimo de lucro cuyo fin principal es la participaci\u00f3n de los padres en el \u00e1mbito escolar. Est\u00e1 participaci\u00f3n est\u00e1 orientada hacia la colaboraci\u00f3n de la buena marcha del centro, mirando por el bien de todos.<\/strong><\/p><\/blockquote>\n<p><strong><span style=\"font-weight: 400;\"><br \/>\n<\/span><span style=\"font-weight: 400;\">De este modo los padres podemos conocer los problemas del centro, con \u00e1nimo de solucionarlos y aportar algo nuevo a fin de mejorar la calidad en la labor educativa. Y al colegio le permitimos conocer la \u00a0realidad del entorno social en el que se encuentra inmerso a trav\u00e9s nuestra.<\/span><span style=\"font-weight: 400;\"><br \/>\n<\/span><span style=\"font-weight: 400;\"><br \/>\n<\/span><span style=\"font-weight: 400;\">La asociaci\u00f3n tambi\u00e9n tiene una labor de representaci\u00f3n en diferentes estamentos tanto regionales como nacionales, de modo que sea transmisora de la informaci\u00f3n en ambos sentidos, siendo uno de los servicios fundamentales que los miembros de las Juntas Directivas realizar\u00e1n.<\/span><\/strong><\/p>\n<p>Con la Asociaci\u00f3n pretendemos, principalmente:<\/p>\n<p>&nbsp;<\/p>\n<ul>\n<li>Representar la participaci\u00f3n de todos los padres y madres de alumnos en los \u00f3rganos de gobierno del colegio.<\/li>\n<li>Cooperar con el centro en el mantenimiento de los recursos disponible<\/li>\n<li>Colaborar en las actividades educativas y celebraciones que se realizan en el colegio<\/li>\n<li>Promover actividades culturales y formativas para padres como charlas, seminarios\u2026<\/li>\n<li>Fomentar las relaciones de cooperaci\u00f3n con las diferentes entidades sociales y culturales del entorno con el centro<\/li>\n<\/ul>\n<p>[\/et_pb_text][\/et_pb_column][\/et_pb_row][et_pb_row admin_label=\u00bbFila\u00bb make_fullwidth=\u00bbon\u00bb parallax_method=\u00bboff\u00bb parallax_method_1=\u00bboff\u00bb parallax_2=\u00bboff\u00bb parallax_method_2=\u00bboff\u00bb parallax_3=\u00bboff\u00bb parallax_method_3=\u00bboff\u00bb parallax_4=\u00bboff\u00bb parallax_method_4=\u00bboff\u00bb module_class=\u00bbcuatro-columnas\u00bb padding_mobile=\u00bboff\u00bb column_padding_mobile=\u00bbon\u00bb background_position=\u00bbtop_left\u00bb background_repeat=\u00bbrepeat\u00bb background_size=\u00bbinitial\u00bb _builder_version=\u00bb3.0.51&#8243; background_position_1=\u00bbtop_left\u00bb background_repeat_1=\u00bbno-repeat\u00bb][et_pb_column type=\u00bb4_4&#8243;][et_pb_blurb admin_label=\u00bbLa Asociaci\u00f3n\u00bb title=\u00bbLa Asociaci\u00f3n\u00bb url_new_window=\u00bboff\u00bb use_icon=\u00bbon\u00bb font_icon=\u00bb%%51%%\u00bb use_circle=\u00bbon\u00bb circle_color=\u00bb#ffffff\u00bb use_circle_border=\u00bbon\u00bb icon_placement=\u00bbtop\u00bb animation=\u00bbtop\u00bb background_layout=\u00bblight\u00bb text_orientation=\u00bbcenter\u00bb use_icon_font_size=\u00bboff\u00bb border_style=\u00bbsolid\u00bb body_font_size=\u00bb24&#8243; url=\u00bb\/asociacionampa\u00bb header_font_size=\u00bb14&#8243; background_position=\u00bbtop_left\u00bb background_repeat=\u00bbrepeat\u00bb background_size=\u00bbinitial\u00bb _builder_version=\u00bb3.0.51&#8243; circle_border_color=\u00bb#727272&#8243; header_text_color=\u00bb#727272&#8243; background_image=\u00bbhttps:\/\/villena.salesianos.edu\/colegio\/wp-content\/uploads\/sites\/3\/2017\/06\/equipoinfantil01.jpg\u00bb \/][et_pb_blurb admin_label=\u00bbTaller de Padres\u00bb title=\u00bbTaller de Padres\u00bb url_new_window=\u00bboff\u00bb use_icon=\u00bbon\u00bb font_icon=\u00bb%%150%%\u00bb use_circle=\u00bbon\u00bb circle_color=\u00bb#ffffff\u00bb use_circle_border=\u00bbon\u00bb circle_border_color=\u00bb#727272&#8243; icon_placement=\u00bbtop\u00bb animation=\u00bbtop\u00bb background_layout=\u00bblight\u00bb text_orientation=\u00bbcenter\u00bb use_icon_font_size=\u00bboff\u00bb border_style=\u00bbsolid\u00bb body_font_size=\u00bb24&#8243; header_font_size=\u00bb14&#8243; background_position=\u00bbtop_left\u00bb background_repeat=\u00bbrepeat\u00bb background_size=\u00bbinitial\u00bb _builder_version=\u00bb3.0.51&#8243; url=\u00bb\/tallerpadres\u00bb header_text_color=\u00bb#727272&#8243; \/][et_pb_blurb admin_label=\u00bbMusicales\u00bb title=\u00bbMusicales\u00bb url_new_window=\u00bboff\u00bb use_icon=\u00bbon\u00bb font_icon=\u00bb%%377%%\u00bb use_circle=\u00bbon\u00bb circle_color=\u00bb#ffffff\u00bb use_circle_border=\u00bbon\u00bb circle_border_color=\u00bb#727272&#8243; icon_placement=\u00bbtop\u00bb animation=\u00bbtop\u00bb background_layout=\u00bblight\u00bb text_orientation=\u00bbcenter\u00bb use_icon_font_size=\u00bboff\u00bb border_style=\u00bbsolid\u00bb body_font_size=\u00bb24&#8243; header_font_size=\u00bb14&#8243; background_position=\u00bbtop_left\u00bb background_repeat=\u00bbrepeat\u00bb background_size=\u00bbinitial\u00bb _builder_version=\u00bb3.0.51&#8243; url=\u00bb\/musicalampa\u00bb header_text_color=\u00bb#727272&#8243; \/][et_pb_blurb admin_label=\u00bbContactar\u00bb title=\u00bbContactar\u00bb url_new_window=\u00bboff\u00bb use_icon=\u00bbon\u00bb font_icon=\u00bb%%74%%\u00bb use_circle=\u00bbon\u00bb circle_color=\u00bb#ffffff\u00bb use_circle_border=\u00bbon\u00bb circle_border_color=\u00bb#727272&#8243; icon_placement=\u00bbtop\u00bb animation=\u00bbtop\u00bb background_layout=\u00bblight\u00bb text_orientation=\u00bbcenter\u00bb use_icon_font_size=\u00bboff\u00bb border_style=\u00bbsolid\u00bb body_font_size=\u00bb24&#8243; header_font_size=\u00bb14&#8243; background_position=\u00bbtop_left\u00bb background_repeat=\u00bbrepeat\u00bb background_size=\u00bbinitial\u00bb _builder_version=\u00bb3.0.51&#8243; url=\u00bb\/contactarampa\u00bb header_text_color=\u00bb#727272&#8243; \/][\/et_pb_column][\/et_pb_row][\/et_pb_section]<\/p>\n","protected":false},"excerpt":{"rendered":"<p>&nbsp; Asociaci\u00f3n de Madres y Padres Colegio M\u00aa Auxiliadora La Asociaci\u00f3n de Madres y Padres de Alumnos del Colegio Mar\u00eda Auxiliadora \u2013 Salesianos de Villena, es una organizaci\u00f3n sin \u00e1nimo de lucro cuyo fin principal es la participaci\u00f3n de los padres en el \u00e1mbito escolar. Est\u00e1 participaci\u00f3n est\u00e1 orientada hacia la colaboraci\u00f3n de la buena [&hellip;]<\/p>\n","protected":false},"author":2,"featured_media":0,"parent":0,"menu_order":0,"comment_status":"closed","ping_status":"closed","template":"","meta":{"_et_pb_use_builder":"on","_et_pb_old_content":"","_et_gb_content_width":"","footnotes":""},"class_list":["post-3339","page","type-page","status-publish","hentry"],"yoast_head":"<!-- This site is optimized with the Yoast SEO plugin v28.3 - https:\/\/yoast.com\/product\/yoast-seo-wordpress\/ -->\n<title>La Asociaci\u00f3n - Colegio Salesiano M\u00aa Auxiliadora Villena<\/title>\n<meta name=\"robots\" content=\"index, follow, max-snippet:-1, max-image-preview:large, max-video-preview:-1\" \/>\n<link rel=\"canonical\" href=\"https:\/\/villena.salesianos.edu\/colegio\/asociacionampa\/\" \/>\n<meta property=\"og:locale\" content=\"es_ES\" \/>\n<meta property=\"og:type\" content=\"article\" \/>\n<meta property=\"og:title\" content=\"La Asociaci\u00f3n - Colegio Salesiano M\u00aa Auxiliadora Villena\" \/>\n<meta property=\"og:description\" content=\"&nbsp; Asociaci\u00f3n de Madres y Padres Colegio M\u00aa Auxiliadora La Asociaci\u00f3n de Madres y Padres de Alumnos del Colegio Mar\u00eda Auxiliadora \u2013 Salesianos de Villena, es una organizaci\u00f3n sin \u00e1nimo de lucro cuyo fin principal es la participaci\u00f3n de los padres en el \u00e1mbito escolar. Est\u00e1 participaci\u00f3n est\u00e1 orientada hacia la colaboraci\u00f3n de la buena [&hellip;]\" \/>\n<meta property=\"og:url\" content=\"https:\/\/villena.salesianos.edu\/colegio\/asociacionampa\/\" \/>\n<meta property=\"og:site_name\" content=\"Colegio Salesiano M\u00aa Auxiliadora Villena\" \/>\n<meta property=\"article:modified_time\" content=\"2017-07-20T14:22:08+00:00\" \/>\n<meta name=\"twitter:card\" content=\"summary_large_image\" \/>\n<meta name=\"twitter:label1\" content=\"Tiempo de lectura\" \/>\n\t<meta name=\"twitter:data1\" content=\"4 minutos\" \/>\n<script type=\"application\/ld+json\" class=\"yoast-schema-graph\">{\"@context\":\"https:\\\/\\\/schema.org\",\"@graph\":[{\"@type\":\"WebPage\",\"@id\":\"https:\\\/\\\/villena.salesianos.edu\\\/colegio\\\/asociacionampa\\\/\",\"url\":\"https:\\\/\\\/villena.salesianos.edu\\\/colegio\\\/asociacionampa\\\/\",\"name\":\"La Asociaci\u00f3n - Colegio Salesiano M\u00aa Auxiliadora Villena\",\"isPartOf\":{\"@id\":\"https:\\\/\\\/villena.salesianos.edu\\\/colegio\\\/#website\"},\"datePublished\":\"2017-07-20T13:51:10+00:00\",\"dateModified\":\"2017-07-20T14:22:08+00:00\",\"breadcrumb\":{\"@id\":\"https:\\\/\\\/villena.salesianos.edu\\\/colegio\\\/asociacionampa\\\/#breadcrumb\"},\"inLanguage\":\"es\",\"potentialAction\":[{\"@type\":\"ReadAction\",\"target\":[\"https:\\\/\\\/villena.salesianos.edu\\\/colegio\\\/asociacionampa\\\/\"]}]},{\"@type\":\"BreadcrumbList\",\"@id\":\"https:\\\/\\\/villena.salesianos.edu\\\/colegio\\\/asociacionampa\\\/#breadcrumb\",\"itemListElement\":[{\"@type\":\"ListItem\",\"position\":1,\"name\":\"Portada\",\"item\":\"https:\\\/\\\/villena.salesianos.edu\\\/colegio\\\/\"},{\"@type\":\"ListItem\",\"position\":2,\"name\":\"La Asociaci\u00f3n\"}]},{\"@type\":\"WebSite\",\"@id\":\"https:\\\/\\\/villena.salesianos.edu\\\/colegio\\\/#website\",\"url\":\"https:\\\/\\\/villena.salesianos.edu\\\/colegio\\\/\",\"name\":\"Colegio Salesiano M\u00aa Auxiliadora Villena\",\"description\":\"P\u00e1gina oficial Salesianos Villena\",\"potentialAction\":[{\"@type\":\"SearchAction\",\"target\":{\"@type\":\"EntryPoint\",\"urlTemplate\":\"https:\\\/\\\/villena.salesianos.edu\\\/colegio\\\/?s={search_term_string}\"},\"query-input\":{\"@type\":\"PropertyValueSpecification\",\"valueRequired\":true,\"valueName\":\"search_term_string\"}}],\"inLanguage\":\"es\"}]}<\/script>\n<!-- \/ Yoast SEO plugin. -->","yoast_head_json":{"title":"La Asociaci\u00f3n - Colegio Salesiano M\u00aa Auxiliadora Villena","robots":{"index":"index","follow":"follow","max-snippet":"max-snippet:-1","max-image-preview":"max-image-preview:large","max-video-preview":"max-video-preview:-1"},"canonical":"https:\/\/villena.salesianos.edu\/colegio\/asociacionampa\/","og_locale":"es_ES","og_type":"article","og_title":"La Asociaci\u00f3n - Colegio Salesiano M\u00aa Auxiliadora Villena","og_description":"&nbsp; Asociaci\u00f3n de Madres y Padres Colegio M\u00aa Auxiliadora La Asociaci\u00f3n de Madres y Padres de Alumnos del Colegio Mar\u00eda Auxiliadora \u2013 Salesianos de Villena, es una organizaci\u00f3n sin \u00e1nimo de lucro cuyo fin principal es la participaci\u00f3n de los padres en el \u00e1mbito escolar. Est\u00e1 participaci\u00f3n est\u00e1 orientada hacia la colaboraci\u00f3n de la buena [&hellip;]","og_url":"https:\/\/villena.salesianos.edu\/colegio\/asociacionampa\/","og_site_name":"Colegio Salesiano M\u00aa Auxiliadora Villena","article_modified_time":"2017-07-20T14:22:08+00:00","twitter_card":"summary_large_image","twitter_misc":{"Tiempo de lectura":"4 minutos"},"schema":{"@context":"https:\/\/schema.org","@graph":[{"@type":"WebPage","@id":"https:\/\/villena.salesianos.edu\/colegio\/asociacionampa\/","url":"https:\/\/villena.salesianos.edu\/colegio\/asociacionampa\/","name":"La Asociaci\u00f3n - Colegio Salesiano M\u00aa Auxiliadora Villena","isPartOf":{"@id":"https:\/\/villena.salesianos.edu\/colegio\/#website"},"datePublished":"2017-07-20T13:51:10+00:00","dateModified":"2017-07-20T14:22:08+00:00","breadcrumb":{"@id":"https:\/\/villena.salesianos.edu\/colegio\/asociacionampa\/#breadcrumb"},"inLanguage":"es","potentialAction":[{"@type":"ReadAction","target":["https:\/\/villena.salesianos.edu\/colegio\/asociacionampa\/"]}]},{"@type":"BreadcrumbList","@id":"https:\/\/villena.salesianos.edu\/colegio\/asociacionampa\/#breadcrumb","itemListElement":[{"@type":"ListItem","position":1,"name":"Portada","item":"https:\/\/villena.salesianos.edu\/colegio\/"},{"@type":"ListItem","position":2,"name":"La Asociaci\u00f3n"}]},{"@type":"WebSite","@id":"https:\/\/villena.salesianos.edu\/colegio\/#website","url":"https:\/\/villena.salesianos.edu\/colegio\/","name":"Colegio Salesiano M\u00aa Auxiliadora Villena","description":"P\u00e1gina oficial Salesianos Villena","potentialAction":[{"@type":"SearchAction","target":{"@type":"EntryPoint","urlTemplate":"https:\/\/villena.salesianos.edu\/colegio\/?s={search_term_string}"},"query-input":{"@type":"PropertyValueSpecification","valueRequired":true,"valueName":"search_term_string"}}],"inLanguage":"es"}]}},"_links":{"self":[{"href":"https:\/\/villena.salesianos.edu\/colegio\/wp-json\/wp\/v2\/pages\/3339","targetHints":{"allow":["GET"]}}],"collection":[{"href":"https:\/\/villena.salesianos.edu\/colegio\/wp-json\/wp\/v2\/pages"}],"about":[{"href":"https:\/\/villena.salesianos.edu\/colegio\/wp-json\/wp\/v2\/types\/page"}],"author":[{"embeddable":true,"href":"https:\/\/villena.salesianos.edu\/colegio\/wp-json\/wp\/v2\/users\/2"}],"replies":[{"embeddable":true,"href":"https:\/\/villena.salesianos.edu\/colegio\/wp-json\/wp\/v2\/comments?post=3339"}],"version-history":[{"count":4,"href":"https:\/\/villena.salesianos.edu\/colegio\/wp-json\/wp\/v2\/pages\/3339\/revisions"}],"predecessor-version":[{"id":3366,"href":"https:\/\/villena.salesianos.edu\/colegio\/wp-json\/wp\/v2\/pages\/3339\/revisions\/3366"}],"wp:attachment":[{"href":"https:\/\/villena.salesianos.edu\/colegio\/wp-json\/wp\/v2\/media?parent=3339"}],"curies":[{"name":"wp","href":"https:\/\/api.w.org\/{rel}","templated":true}]}}