{"id":2771,"date":"2017-08-12T15:59:55","date_gmt":"2017-08-12T14:59:55","guid":{"rendered":"https:\/\/villena.salesianos.edu\/familiasalesiana\/saludo-2\/"},"modified":"2018-10-24T10:45:48","modified_gmt":"2018-10-24T09:45:48","slug":"directiva-aaaa","status":"publish","type":"page","link":"https:\/\/villena.salesianos.edu\/familiasalesiana\/directiva-aaaa\/","title":{"rendered":"Junta Directiva"},"content":{"rendered":"<p>[et_pb_section bb_built=\u00bb1&#8243; fullwidth=\u00bbon\u00bb specialty=\u00bboff\u00bb][et_pb_fullwidth_header title=\u00bbJunta Directiva\u00bb background_layout=\u00bblight\u00bb text_orientation=\u00bbleft\u00bb header_fullscreen=\u00bboff\u00bb header_scroll_down=\u00bboff\u00bb background_url=\u00bbhttps:\/\/inspectoria.salesianos.edu\/wp-content\/uploads\/2017\/02\/ImagenPAGINA01.png\u00bb content_orientation=\u00bbcenter\u00bb image_orientation=\u00bbcenter\u00bb title_font_color=\u00bb#ffffff\u00bb custom_button_one=\u00bboff\u00bb button_one_letter_spacing=\u00bb0&#8243; button_one_icon_placement=\u00bbright\u00bb button_one_letter_spacing_hover=\u00bb0&#8243; custom_button_two=\u00bboff\u00bb button_two_letter_spacing=\u00bb0&#8243; button_two_icon_placement=\u00bbright\u00bb button_two_letter_spacing_hover=\u00bb0&#8243; module_class=\u00bbpagina-imagen-cabecera\u00bb title_font_size=\u00bb40px\u00bb background_image=\u00bbhttps:\/\/villena.salesianos.edu\/familiasalesiana\/wp-content\/uploads\/sites\/7\/2017\/06\/logo-aaaa.jpg\u00bb _builder_version=\u00bb3.0.51&#8243; title_text_color=\u00bb#ffffff\u00bb \/][\/et_pb_section][et_pb_section bb_built=\u00bb1&#8243; _builder_version=\u00bb3.0.100&#8243; custom_padding=\u00bb27px|0px|25px|0px\u00bb][et_pb_row _builder_version=\u00bb3.0.100&#8243;][et_pb_column type=\u00bb4_4&#8243;][et_pb_text _builder_version=\u00bb3.0.92&#8243; text_font=\u00bb|300|||||||\u00bb text_font_size=\u00bb29px\u00bb text_text_color=\u00bb#e02b20&#8243; header_2_font=\u00bbLato|300|||||||\u00bb header_2_font_size=\u00bb32px\u00bb custom_margin=\u00bb|||\u00bb custom_padding=\u00bb||15px|\u00bb background_layout=\u00bblight\u00bb]<\/p>\n<h2>Junta Directiva Asociaci\u00f3n Antiguos Alumnos (AA.AA.)<\/h2>\n<div class=\"et_pb_text et_pb_module et_pb_bg_layout_light et_pb_text_align_justified et_pb_text_0\">\n<div class=\"et_pb_text_inner\"><\/div>\n<\/div>\n<p>[\/et_pb_text][et_pb_text _builder_version=\u00bb3.0.92&#8243; text_font=\u00bb|300|on||||||\u00bb text_font_size=\u00bb18px\u00bb quote_font=\u00bb|300|on||||||\u00bb background_layout=\u00bblight\u00bb]<\/p>\n<blockquote><p>La Junta Directiva de la Asociaci\u00f3n de Antiguos Alumnos Salesianos de Villena est\u00e1 formada por:<\/p><\/blockquote>\n<p>[\/et_pb_text][et_pb_blurb title=\u00bbConsiliario\u00bb use_icon=\u00bbon\u00bb font_icon=\u00bb%%45%%\u00bb icon_color=\u00bb#e02b20&#8243; icon_placement=\u00bbleft\u00bb content_max_width=\u00bb881px\u00bb _builder_version=\u00bb3.0.92&#8243; header_level=\u00bbh3&#8243; header_font=\u00bb|300|||||||\u00bb header_font_size=\u00bb21px\u00bb body_font_size=\u00bb15px\u00bb body_line_height=\u00bb1.3em\u00bb custom_padding=\u00bb||10px|\u00bb url_new_window=\u00bboff\u00bb use_circle=\u00bboff\u00bb use_circle_border=\u00bboff\u00bb use_icon_font_size=\u00bboff\u00bb background_layout=\u00bblight\u00bb]<\/p>\n<p>Chimo Ventura<\/p>\n<p>[\/et_pb_blurb][et_pb_blurb title=\u00bbPresidente\u00bb use_icon=\u00bbon\u00bb font_icon=\u00bb%%45%%\u00bb icon_color=\u00bb#e02b20&#8243; icon_placement=\u00bbleft\u00bb content_max_width=\u00bb881px\u00bb _builder_version=\u00bb3.0.92&#8243; header_level=\u00bbh3&#8243; header_font=\u00bb|300|||||||\u00bb header_font_size=\u00bb21px\u00bb body_font_size=\u00bb15px\u00bb body_line_height=\u00bb1.3em\u00bb custom_padding=\u00bb||10px|\u00bb url_new_window=\u00bboff\u00bb use_circle=\u00bboff\u00bb use_circle_border=\u00bboff\u00bb use_icon_font_size=\u00bboff\u00bb background_layout=\u00bblight\u00bb]<\/p>\n<p>David C\u00e9spedes Navarro<\/p>\n<p>[\/et_pb_blurb][et_pb_blurb title=\u00bbVicepresidente\u00bb use_icon=\u00bbon\u00bb font_icon=\u00bb%%45%%\u00bb icon_color=\u00bb#e02b20&#8243; icon_placement=\u00bbleft\u00bb content_max_width=\u00bb881px\u00bb _builder_version=\u00bb3.0.92&#8243; header_level=\u00bbh3&#8243; header_font=\u00bb|300|||||||\u00bb header_font_size=\u00bb21px\u00bb body_font_size=\u00bb15px\u00bb body_line_height=\u00bb1.3em\u00bb custom_padding=\u00bb||10px|\u00bb url_new_window=\u00bboff\u00bb use_circle=\u00bboff\u00bb use_circle_border=\u00bboff\u00bb use_icon_font_size=\u00bboff\u00bb background_layout=\u00bblight\u00bb]<\/p>\n<div class=\"page\" title=\"Page 2\">\n<div class=\"layoutArea\">\n<div class=\"column\">Jes\u00fas Gabald\u00f3n Ruiz<\/div>\n<\/div>\n<\/div>\n<p>[\/et_pb_blurb][et_pb_blurb title=\u00bbSecretario\u00bb use_icon=\u00bbon\u00bb font_icon=\u00bb%%45%%\u00bb icon_color=\u00bb#e02b20&#8243; icon_placement=\u00bbleft\u00bb content_max_width=\u00bb881px\u00bb _builder_version=\u00bb3.0.92&#8243; header_level=\u00bbh3&#8243; header_font=\u00bb|300|||||||\u00bb header_font_size=\u00bb21px\u00bb body_font_size=\u00bb15px\u00bb body_line_height=\u00bb1.3em\u00bb custom_padding=\u00bb||10px|\u00bb url_new_window=\u00bboff\u00bb use_circle=\u00bboff\u00bb use_circle_border=\u00bboff\u00bb use_icon_font_size=\u00bboff\u00bb background_layout=\u00bblight\u00bb]<\/p>\n<p>Antonio Ba\u00f1\u00f3n Franc\u00e9s<\/p>\n<p>[\/et_pb_blurb][et_pb_blurb title=\u00bbVicesecretaria\u00bb use_icon=\u00bbon\u00bb font_icon=\u00bb%%45%%\u00bb icon_color=\u00bb#e02b20&#8243; icon_placement=\u00bbleft\u00bb content_max_width=\u00bb881px\u00bb _builder_version=\u00bb3.0.92&#8243; header_level=\u00bbh3&#8243; header_font=\u00bb|300|||||||\u00bb header_font_size=\u00bb21px\u00bb body_font_size=\u00bb15px\u00bb body_line_height=\u00bb1.3em\u00bb custom_padding=\u00bb||10px|\u00bb url_new_window=\u00bboff\u00bb use_circle=\u00bboff\u00bb use_circle_border=\u00bboff\u00bb use_icon_font_size=\u00bboff\u00bb background_layout=\u00bblight\u00bb]<\/p>\n<p>Estefan\u00eda Ba\u00f1\u00f3n Franc\u00e9s<\/p>\n<p>[\/et_pb_blurb][et_pb_blurb title=\u00bbVocales\u00bb use_icon=\u00bbon\u00bb font_icon=\u00bb%%45%%\u00bb icon_color=\u00bb#e02b20&#8243; icon_placement=\u00bbleft\u00bb content_max_width=\u00bb881px\u00bb _builder_version=\u00bb3.0.92&#8243; header_level=\u00bbh3&#8243; header_font=\u00bb|300|||||||\u00bb header_font_size=\u00bb21px\u00bb body_font_size=\u00bb15px\u00bb body_line_height=\u00bb1.3em\u00bb custom_padding=\u00bb||10px|\u00bb url_new_window=\u00bboff\u00bb use_circle=\u00bboff\u00bb use_circle_border=\u00bboff\u00bb use_icon_font_size=\u00bboff\u00bb background_layout=\u00bblight\u00bb]<\/p>\n<p>Jos\u00e9 Antonio Navarro Grau<\/p>\n<p>Leovigildo Hern\u00e1ndez Barcel\u00f3<\/p>\n<p>Jos\u00e9 Vicente Gisbert Tom\u00e1s<\/p>\n<p>Pascual Lillo Vidal<\/p>\n<p>Jos\u00e9 Antonio Mil\u00e1n Navarro<\/p>\n<p>Antonio S\u00e1nchez Garc\u00eda<\/p>\n<p>Jos\u00e9 Joaqu\u00edn Juan Conca<\/p>\n<p>David Tom\u00e1s D\u00edaz<\/p>\n<p>[\/et_pb_blurb][\/et_pb_column][\/et_pb_row][\/et_pb_section]<\/p>\n","protected":false},"excerpt":{"rendered":"<p>Junta Directiva Asociaci\u00f3n Antiguos Alumnos (AA.AA.) La Junta Directiva de la Asociaci\u00f3n de Antiguos Alumnos Salesianos de Villena est\u00e1 formada por: Chimo Ventura David C\u00e9spedes Navarro Jes\u00fas Gabald\u00f3n Ruiz Antonio Ba\u00f1\u00f3n Franc\u00e9s Estefan\u00eda Ba\u00f1\u00f3n Franc\u00e9s Jos\u00e9 Antonio Navarro Grau Leovigildo Hern\u00e1ndez Barcel\u00f3 Jos\u00e9 Vicente Gisbert Tom\u00e1s Pascual Lillo Vidal Jos\u00e9 Antonio Mil\u00e1n Navarro Antonio S\u00e1nchez [&hellip;]<\/p>\n","protected":false},"author":2,"featured_media":0,"parent":0,"menu_order":0,"comment_status":"closed","ping_status":"closed","template":"","meta":{"_et_pb_use_builder":"on","_et_pb_old_content":"","_et_gb_content_width":"","footnotes":""},"class_list":["post-2771","page","type-page","status-publish","hentry"],"yoast_head":"<!-- This site is optimized with the Yoast SEO plugin v28.3 - https:\/\/yoast.com\/product\/yoast-seo-wordpress\/ -->\n<title>Junta Directiva - Familia Salesiana<\/title>\n<meta name=\"robots\" content=\"index, follow, max-snippet:-1, max-image-preview:large, max-video-preview:-1\" \/>\n<link rel=\"canonical\" href=\"https:\/\/villena.salesianos.edu\/familiasalesiana\/directiva-aaaa\/\" \/>\n<meta property=\"og:locale\" content=\"es_ES\" \/>\n<meta property=\"og:type\" content=\"article\" \/>\n<meta property=\"og:title\" content=\"Junta Directiva - Familia Salesiana\" \/>\n<meta property=\"og:description\" content=\"Junta Directiva Asociaci\u00f3n Antiguos Alumnos (AA.AA.) La Junta Directiva de la Asociaci\u00f3n de Antiguos Alumnos Salesianos de Villena est\u00e1 formada por: Chimo Ventura David C\u00e9spedes Navarro Jes\u00fas Gabald\u00f3n Ruiz Antonio Ba\u00f1\u00f3n Franc\u00e9s Estefan\u00eda Ba\u00f1\u00f3n Franc\u00e9s Jos\u00e9 Antonio Navarro Grau Leovigildo Hern\u00e1ndez Barcel\u00f3 Jos\u00e9 Vicente Gisbert Tom\u00e1s Pascual Lillo Vidal Jos\u00e9 Antonio Mil\u00e1n Navarro Antonio S\u00e1nchez [&hellip;]\" \/>\n<meta property=\"og:url\" content=\"https:\/\/villena.salesianos.edu\/familiasalesiana\/directiva-aaaa\/\" \/>\n<meta property=\"og:site_name\" content=\"Familia Salesiana\" \/>\n<meta property=\"article:modified_time\" content=\"2018-10-24T09:45:48+00:00\" \/>\n<meta name=\"twitter:card\" content=\"summary_large_image\" \/>\n<meta name=\"twitter:label1\" content=\"Tiempo de lectura\" \/>\n\t<meta name=\"twitter:data1\" content=\"3 minutos\" \/>\n<script type=\"application\/ld+json\" class=\"yoast-schema-graph\">{\"@context\":\"https:\\\/\\\/schema.org\",\"@graph\":[{\"@type\":\"WebPage\",\"@id\":\"https:\\\/\\\/villena.salesianos.edu\\\/familiasalesiana\\\/directiva-aaaa\\\/\",\"url\":\"https:\\\/\\\/villena.salesianos.edu\\\/familiasalesiana\\\/directiva-aaaa\\\/\",\"name\":\"Junta Directiva - Familia Salesiana\",\"isPartOf\":{\"@id\":\"https:\\\/\\\/villena.salesianos.edu\\\/familiasalesiana\\\/#website\"},\"datePublished\":\"2017-08-12T14:59:55+00:00\",\"dateModified\":\"2018-10-24T09:45:48+00:00\",\"breadcrumb\":{\"@id\":\"https:\\\/\\\/villena.salesianos.edu\\\/familiasalesiana\\\/directiva-aaaa\\\/#breadcrumb\"},\"inLanguage\":\"es\",\"potentialAction\":[{\"@type\":\"ReadAction\",\"target\":[\"https:\\\/\\\/villena.salesianos.edu\\\/familiasalesiana\\\/directiva-aaaa\\\/\"]}]},{\"@type\":\"BreadcrumbList\",\"@id\":\"https:\\\/\\\/villena.salesianos.edu\\\/familiasalesiana\\\/directiva-aaaa\\\/#breadcrumb\",\"itemListElement\":[{\"@type\":\"ListItem\",\"position\":1,\"name\":\"Portada\",\"item\":\"https:\\\/\\\/villena.salesianos.edu\\\/familiasalesiana\\\/\"},{\"@type\":\"ListItem\",\"position\":2,\"name\":\"Junta Directiva\"}]},{\"@type\":\"WebSite\",\"@id\":\"https:\\\/\\\/villena.salesianos.edu\\\/familiasalesiana\\\/#website\",\"url\":\"https:\\\/\\\/villena.salesianos.edu\\\/familiasalesiana\\\/\",\"name\":\"Familia Salesiana\",\"description\":\"P\u00e1gina oficial Salesianos Villena\",\"potentialAction\":[{\"@type\":\"SearchAction\",\"target\":{\"@type\":\"EntryPoint\",\"urlTemplate\":\"https:\\\/\\\/villena.salesianos.edu\\\/familiasalesiana\\\/?s={search_term_string}\"},\"query-input\":{\"@type\":\"PropertyValueSpecification\",\"valueRequired\":true,\"valueName\":\"search_term_string\"}}],\"inLanguage\":\"es\"}]}<\/script>\n<!-- \/ Yoast SEO plugin. -->","yoast_head_json":{"title":"Junta Directiva - Familia Salesiana","robots":{"index":"index","follow":"follow","max-snippet":"max-snippet:-1","max-image-preview":"max-image-preview:large","max-video-preview":"max-video-preview:-1"},"canonical":"https:\/\/villena.salesianos.edu\/familiasalesiana\/directiva-aaaa\/","og_locale":"es_ES","og_type":"article","og_title":"Junta Directiva - Familia Salesiana","og_description":"Junta Directiva Asociaci\u00f3n Antiguos Alumnos (AA.AA.) La Junta Directiva de la Asociaci\u00f3n de Antiguos Alumnos Salesianos de Villena est\u00e1 formada por: Chimo Ventura David C\u00e9spedes Navarro Jes\u00fas Gabald\u00f3n Ruiz Antonio Ba\u00f1\u00f3n Franc\u00e9s Estefan\u00eda Ba\u00f1\u00f3n Franc\u00e9s Jos\u00e9 Antonio Navarro Grau Leovigildo Hern\u00e1ndez Barcel\u00f3 Jos\u00e9 Vicente Gisbert Tom\u00e1s Pascual Lillo Vidal Jos\u00e9 Antonio Mil\u00e1n Navarro Antonio S\u00e1nchez [&hellip;]","og_url":"https:\/\/villena.salesianos.edu\/familiasalesiana\/directiva-aaaa\/","og_site_name":"Familia Salesiana","article_modified_time":"2018-10-24T09:45:48+00:00","twitter_card":"summary_large_image","twitter_misc":{"Tiempo de lectura":"3 minutos"},"schema":{"@context":"https:\/\/schema.org","@graph":[{"@type":"WebPage","@id":"https:\/\/villena.salesianos.edu\/familiasalesiana\/directiva-aaaa\/","url":"https:\/\/villena.salesianos.edu\/familiasalesiana\/directiva-aaaa\/","name":"Junta Directiva - Familia Salesiana","isPartOf":{"@id":"https:\/\/villena.salesianos.edu\/familiasalesiana\/#website"},"datePublished":"2017-08-12T14:59:55+00:00","dateModified":"2018-10-24T09:45:48+00:00","breadcrumb":{"@id":"https:\/\/villena.salesianos.edu\/familiasalesiana\/directiva-aaaa\/#breadcrumb"},"inLanguage":"es","potentialAction":[{"@type":"ReadAction","target":["https:\/\/villena.salesianos.edu\/familiasalesiana\/directiva-aaaa\/"]}]},{"@type":"BreadcrumbList","@id":"https:\/\/villena.salesianos.edu\/familiasalesiana\/directiva-aaaa\/#breadcrumb","itemListElement":[{"@type":"ListItem","position":1,"name":"Portada","item":"https:\/\/villena.salesianos.edu\/familiasalesiana\/"},{"@type":"ListItem","position":2,"name":"Junta Directiva"}]},{"@type":"WebSite","@id":"https:\/\/villena.salesianos.edu\/familiasalesiana\/#website","url":"https:\/\/villena.salesianos.edu\/familiasalesiana\/","name":"Familia Salesiana","description":"P\u00e1gina oficial Salesianos Villena","potentialAction":[{"@type":"SearchAction","target":{"@type":"EntryPoint","urlTemplate":"https:\/\/villena.salesianos.edu\/familiasalesiana\/?s={search_term_string}"},"query-input":{"@type":"PropertyValueSpecification","valueRequired":true,"valueName":"search_term_string"}}],"inLanguage":"es"}]}},"_links":{"self":[{"href":"https:\/\/villena.salesianos.edu\/familiasalesiana\/wp-json\/wp\/v2\/pages\/2771","targetHints":{"allow":["GET"]}}],"collection":[{"href":"https:\/\/villena.salesianos.edu\/familiasalesiana\/wp-json\/wp\/v2\/pages"}],"about":[{"href":"https:\/\/villena.salesianos.edu\/familiasalesiana\/wp-json\/wp\/v2\/types\/page"}],"author":[{"embeddable":true,"href":"https:\/\/villena.salesianos.edu\/familiasalesiana\/wp-json\/wp\/v2\/users\/2"}],"replies":[{"embeddable":true,"href":"https:\/\/villena.salesianos.edu\/familiasalesiana\/wp-json\/wp\/v2\/comments?post=2771"}],"version-history":[{"count":5,"href":"https:\/\/villena.salesianos.edu\/familiasalesiana\/wp-json\/wp\/v2\/pages\/2771\/revisions"}],"predecessor-version":[{"id":3123,"href":"https:\/\/villena.salesianos.edu\/familiasalesiana\/wp-json\/wp\/v2\/pages\/2771\/revisions\/3123"}],"wp:attachment":[{"href":"https:\/\/villena.salesianos.edu\/familiasalesiana\/wp-json\/wp\/v2\/media?parent=2771"}],"curies":[{"name":"wp","href":"https:\/\/api.w.org\/{rel}","templated":true}]}}