{"id":3517,"date":"2017-09-27T15:25:32","date_gmt":"2017-09-27T14:25:32","guid":{"rendered":"https:\/\/villena.salesianos.edu\/instalaciones\/mapa-web\/"},"modified":"2017-09-27T15:25:32","modified_gmt":"2017-09-27T14:25:32","slug":"mapa-web","status":"publish","type":"page","link":"https:\/\/villena.salesianos.edu\/instalaciones\/mapa-web\/","title":{"rendered":"Mapa Web"},"content":{"rendered":"<p>[et_pb_section bb_built=\u00bb1&#8243; admin_label=\u00bbsection\u00bb fullwidth=\u00bbon\u00bb _builder_version=\u00bb3.0.47&#8243;][et_pb_fullwidth_header admin_label=\u00bbT\u00edtulo de anchura completa\u00bb title=\u00bbMapa web\u00bb module_class=\u00bbpagina-imagen-cabecera\u00bb _builder_version=\u00bb3.0.51&#8243; background_image=\u00bbhttps:\/\/alicante.salesianos.edu\/wp-content\/uploads\/2017\/05\/encabezado_noticias_casa-min.png\u00bb text_orientation=\u00bbleft\u00bb header_fullscreen=\u00bboff\u00bb header_scroll_down=\u00bboff\u00bb image_orientation=\u00bbcenter\u00bb background_layout=\u00bblight\u00bb content_orientation=\u00bbcenter\u00bb custom_button_one=\u00bboff\u00bb button_one_letter_spacing=\u00bb0&#8243; button_one_icon_placement=\u00bbright\u00bb button_one_letter_spacing_hover=\u00bb0&#8243; custom_button_two=\u00bboff\u00bb button_two_letter_spacing=\u00bb0&#8243; button_two_icon_placement=\u00bbright\u00bb button_two_letter_spacing_hover=\u00bb0&#8243; \/][\/et_pb_section][et_pb_section bb_built=\u00bb1&#8243; admin_label=\u00bbsection\u00bb custom_padding=\u00bb0px|0px|54px|0px\u00bb _builder_version=\u00bb3.0.47&#8243;][et_pb_row admin_label=\u00bbrow\u00bb custom_padding=\u00bb25px||27px|\u00bb custom_margin=\u00bb25px|||\u00bb background_position_1=\u00bbtop_left\u00bb background_repeat_1=\u00bbno-repeat\u00bb _builder_version=\u00bb3.0.69&#8243;][et_pb_column type=\u00bb1_4&#8243;][et_pb_text admin_label=\u00bbColegio (Texto)\u00bb _builder_version=\u00bb3.0.51&#8243; custom_margin=\u00bb||7px|\u00bb background_layout=\u00bblight\u00bb text_orientation=\u00bbleft\u00bb border_style=\u00bbsolid\u00bb]<\/p>\n<h3>COLEGIO M\u00aa AUXILIADORA<\/h3>\n<p>[\/et_pb_text][et_pb_text admin_label=\u00bbEnlaces Colegio (Texto)\u00bb _builder_version=\u00bb3.0.51&#8243; background_layout=\u00bblight\u00bb border_style=\u00bbsolid\u00bb text_orientation=\u00bbleft\u00bb]<\/p>\n<ul>\n<li><a href=\"https:\/\/villena.salesianos.edu\/colegio\/\">Inicio<\/a><\/li>\n<li><a href=\"https:\/\/villena.salesianos.edu\/colegio\/noticias\/\">Noticias<\/a><\/li>\n<li><a href=\"https:\/\/...\/colegio\/oferta-educativa\/\">Oferta educativa<\/a><\/li>\n<li><a href=\"https:\/\/villena.salesianos.edu\/colegio\/galeria\/\">\u00c1lbum de Fotos<\/a><\/li>\n<li><a href=\"http:\/\/salesianos.edu\/bolsatrabajo\/\">Trabaja con Nosotros<\/a><\/li>\n<li><a href=\"https:\/\/villena.salesianos.edu\/colegio\/contactar\/\">Contactar<\/a><\/li>\n<\/ul>\n<h6>CON\u00d3CENOS<\/h6>\n<ul>\n<li><a href=\"https:\/\/villena.salesianos.edu\/colegio\/saludodirector\/\">Saluda del Director<\/a><\/li>\n<li><a href=\"https:\/\/villena.salesianos.edu\/colegio\/historia\/\">Historia<\/a><\/li>\n<li><a href=\"https:\/\/villena.salesianos.edu\/colegio\/oferta\/\">Oferta educativa<\/a><\/li>\n<li><a href=\"https:\/\/villena.salesianos.edu\/colegio\/identidad\/\">Identidad<\/a><\/li>\n<li><a href=\"https:\/\/villena.salesianos.edu\/colegio\/organigrama\/\">Organigrama del Centro<\/a><\/li>\n<\/ul>\n<h6>ETAPAS EDUCATIVAS<\/h6>\n<ul>\n<li><a href=\"https:\/\/villena.salesianos.edu\/colegio\/infantil\/\">Infantil<\/a><\/li>\n<li><a href=\"https:\/\/villena.salesianos.edu\/colegio\/primaria\/\">Primaria<\/a><\/li>\n<li><a href=\"https:\/\/villena.salesianos.edu\/colegio\/secundaria\/\">Secundaria<\/a><\/li>\n<\/ul>\n<h6>ESTILO EDUCATIVO<\/h6>\n<ul>\n<li><a href=\"https:\/\/villena.salesianos.edu\/colegio\/metodologia\/\">Metodolog\u00eda<\/a><\/li>\n<li><a href=\"https:\/\/villena.salesianos.edu\/colegio\/TEI\/\">Tutor\u00eda Entre Iguales<\/a><\/li>\n<li><a href=\"https:\/\/villena.salesianos.edu\/colegio\/calidad\/\">Calidad FQM +400<\/a><\/li>\n<li><a href=\"https:\/\/villena.salesianos.edu\/colegio\/pastoral-escolar\/\">Pastoral Escolar<\/a><\/li>\n<li><a href=\"https:\/\/villena.salesianos.edu\/colegio\/plurilinguismo\/\">Pluriling\u00fcismo<\/a><\/li>\n<\/ul>\n<h6>SERVICIOS<\/h6>\n<ul>\n<li><a href=\"https:\/\/villena.salesianos.edu\/colegio\/actividadesextraescolares\/\">Extraescolares<\/a><\/li>\n<li><a href=\"https:\/\/villena.salesianos.edu\/colegio\/administracion\/\">Administraci\u00f3n<\/a><\/li>\n<li><a href=\"https:\/\/villena.salesianos.edu\/colegio\/secretaria\">Secretar\u00eda<\/a><\/li>\n<li><a href=\"https:\/\/www.qualitaseducativa.com\">Qualitas Eucativa<\/a><\/li>\n<li><a href=\"http:\/\/www.qualitasescuelafamilia.com\">Qualitas Escuela-Familia<\/a><\/li>\n<\/ul>\n<p>[\/et_pb_text][\/et_pb_column][et_pb_column type=\u00bb1_4&#8243;][et_pb_text admin_label=\u00bbCasa Salesiana (Texto)\u00bb _builder_version=\u00bb3.0.51&#8243; custom_margin=\u00bb||7px|\u00bb custom_padding=\u00bb|||\u00bb background_layout=\u00bblight\u00bb text_orientation=\u00bbleft\u00bb border_style=\u00bbsolid\u00bb]<\/p>\n<h3>CASA SALESIANA<\/h3>\n<p>[\/et_pb_text][et_pb_text admin_label=\u00bbEnlaces Casa Salesiana (Texto)\u00bb _builder_version=\u00bb3.0.51&#8243; background_layout=\u00bblight\u00bb border_style=\u00bbsolid\u00bb text_orientation=\u00bbleft\u00bb]<\/p>\n<ul>\n<li><a href=\"https:\/\/villena.salesianos.edu\/\">Inicio<\/a><\/li>\n<li><a href=\"https:\/\/villena.salesianos.edu\/noticias\/\">Noticias<\/a><\/li>\n<li><a href=\"https:\/\/villena.salesianos.edu\/saludo\/\">Saludo del Director<\/a><\/li>\n<li><a href=\"https:\/\/villena.salesianos.edu\/identidad\/\">Identidad<\/a><\/li>\n<li><a href=\"https:\/\/villena.salesianos.edu\/colegio\/organigrama\/\">Organigrama de la Obra<\/a><\/li>\n<li><a href=\"https:\/\/...\/comunidad\/\">Comunidad Salesiana<\/a><\/li>\n<li><a href=\"https:\/\/villena.salesianos.edu\/historia\/\">Historia<\/a><\/li>\n<li><a href=\"https:\/\/...\/fotos\/\">\u00c1lbum de fotos<\/a><\/li>\n<li><a href=\"https:\/\/villena.salesianos.edu\/contactar\/\">Contactar<\/a><\/li>\n<\/ul>\n<p>[\/et_pb_text][et_pb_text admin_label=\u00bbFamilia Salesiana (Texto)\u00bb _builder_version=\u00bb3.0.51&#8243; background_layout=\u00bblight\u00bb text_orientation=\u00bbleft\u00bb border_style=\u00bbsolid\u00bb]<\/p>\n<h3>FAMILIA SALESIANA<\/h3>\n<p>[\/et_pb_text][et_pb_text admin_label=\u00bbEnlaces Familia Salesiana (Texto)\u00bb _builder_version=\u00bb3.0.51&#8243; background_layout=\u00bblight\u00bb text_orientation=\u00bbleft\u00bb border_style=\u00bbsolid\u00bb]<\/p>\n<ul>\n<li><a href=\"https:\/\/villena.salesianos.edu\/familiasalesiana\/\">Inicio<\/a><\/li>\n<li><a href=\"https:\/\/villena.salesianos.edu\/familiasalesiana\/admas\/\">ADMAS<\/a><\/li>\n<li><a href=\"https:\/\/villena.salesianos.edu\/familiasalesiana\/antiguosalumnos\/\">Antiguos Alumnos<\/a><\/li>\n<li><a href=\"https:\/\/villena.salesianos.edu\/familiasalesiana\/cooperadores\/\">Cooperadores<\/a><\/li>\n<li><a href=\"https:\/\/villena.salesianos.edu\/contactar\/\">Contactar<\/a><\/li>\n<\/ul>\n<p>[\/et_pb_text][et_pb_text admin_label=\u00bbAMPA (Texto)\u00bb _builder_version=\u00bb3.0.51&#8243; custom_margin=\u00bb||7px|\u00bb background_layout=\u00bblight\u00bb text_orientation=\u00bbleft\u00bb border_style=\u00bbsolid\u00bb]<\/p>\n<h3>AMPA<\/h3>\n<p>[\/et_pb_text][et_pb_text admin_label=\u00bbEnlaces AMPA (Texto)\u00bb _builder_version=\u00bb3.0.51&#8243; background_layout=\u00bblight\u00bb border_style=\u00bbsolid\u00bb text_orientation=\u00bbleft\u00bb]<\/p>\n<ul>\n<li><a href=\"https:\/\/villena.salesianos.edu\/ampa\/\">Inicio<\/a><\/li>\n<li><a href=\"https:\/\/villena.salesianos.edu\/ampa\/noticias\/\">Noticias<\/a><\/li>\n<li><a href=\"https:\/\/villena.salesianos.edu\/ampa\/asociacionampa\/\">La Asociaci\u00f3n<\/a><\/li>\n<li><a href=\"https:\/\/villena.salesianos.edu\/ampa\/tallerpadres\/\">Taller de Padres<\/a><\/li>\n<li><a href=\"https:\/\/villena.salesianos.edu\/ampa\/musicalampa\/\">Musicales<\/a><\/li>\n<li><a href=\"https:\/\/villena.salesianos.edu\/ampa\/contactarampa\/\">Contactar<\/a><\/li>\n<\/ul>\n<p>[\/et_pb_text][\/et_pb_column][et_pb_column type=\u00bb1_4&#8243;][et_pb_text admin_label=\u00bbCentro Juvenil (Texto)\u00bb _builder_version=\u00bb3.0.51&#8243; custom_margin=\u00bb||7px|\u00bb background_layout=\u00bblight\u00bb text_orientation=\u00bbleft\u00bb border_style=\u00bbsolid\u00bb]<\/p>\n<h3>CENTRO JUVENIL<\/h3>\n<p>[\/et_pb_text][et_pb_text admin_label=\u00bbEnlaces CJDB (Texto)\u00bb _builder_version=\u00bb3.0.51&#8243; background_layout=\u00bblight\u00bb border_style=\u00bbsolid\u00bb text_orientation=\u00bbleft\u00bb]<\/p>\n<ul>\n<li><a href=\"https:\/\/villena.salesianos.edu\/centrojuvenil\/\">Inicio<\/a><\/li>\n<li><a href=\"http:\/\/www.fededonbosco.org\/villena\/\">Web Oficial CJDB<\/a><\/li>\n<li><a href=\"https:\/\/villena.salesianos.edu\/centrojuvenil\/noticias\/\">Noticias<\/a><\/li>\n<li><a href=\"https:\/\/villena.salesianos.edu\/centrojuvenil\/quienes-somos\/\">Qui\u00e9nes Somos<\/a><\/li>\n<li><a href=\"https:\/\/villena.salesianos.edu\/centrojuvenil\/equipo-de-monitores\/\">Equipo Monitores<\/a><\/li>\n<li><a href=\"https:\/\/villena.salesianos.edu\/centrojuvenil\/junta-directiva\/\">Junta Directiva<\/a><\/li>\n<\/ul>\n<h6>SECTORES<\/h6>\n<ul>\n<li><a href=\"https:\/\/villena.salesianos.edu\/centrojuvenil\/preju\/\">Preju<\/a><\/li>\n<li><a href=\"https:\/\/villena.salesianos.edu\/centrojuvenil\/ju-b\/\">Ju-B<\/a><\/li>\n<\/ul>\n<h6>TALLERES<\/h6>\n<ul>\n<li><a href=\"https:\/\/villena.salesianos.edu\/centrojuvenil\/taller-coro\/\">Taller de Coro<\/a><\/li>\n<li><a href=\"https:\/\/villena.salesianos.edu\/centrojuvenil\/taller-musical\/\">Taller Musical<\/a><\/li>\n<li><a href=\"https:\/\/villena.salesianos.edu\/centrojuvenil\/expresion-artistica\/\">Taller Expresi\u00f3n Art\u00edstica<\/a><\/li>\n<li><a href=\"https:\/\/villena.salesianos.edu\/centrojuvenil\/aire-libre\/\">Taller Aire Libre<\/a><\/li>\n<\/ul>\n<p>&nbsp;<\/p>\n<ul>\n<li><a href=\"https:\/\/villena.salesianos.edu\/centrojuvenil\/contactar\/\">Contactar<\/a><\/li>\n<\/ul>\n<p>[\/et_pb_text][et_pb_text admin_label=\u00bbPlataforma Social (Texto)\u00bb _builder_version=\u00bb3.0.51&#8243; background_layout=\u00bblight\u00bb text_orientation=\u00bbleft\u00bb border_style=\u00bbsolid\u00bb]<\/p>\n<h3>PLATAFORMA SOCIAL<\/h3>\n<p>[\/et_pb_text][et_pb_text admin_label=\u00bbEnlace PAE (Texto)\u00bb _builder_version=\u00bb3.0.51&#8243; background_layout=\u00bblight\u00bb text_orientation=\u00bbleft\u00bb border_style=\u00bbsolid\u00bb]<\/p>\n<ul>\n<li><a href=\"https:\/\/villena.salesianos.edu\/social\/pae-angel-tomas\/\">PAE \u00c1ngel Tom\u00e1s<\/a><\/li>\n<\/ul>\n<p>[\/et_pb_text][\/et_pb_column][et_pb_column type=\u00bb1_4&#8243;][et_pb_text admin_label=\u00bbIglesia (Texto)\u00bb _builder_version=\u00bb3.0.51&#8243; custom_margin=\u00bb||7px|\u00bb background_layout=\u00bblight\u00bb text_orientation=\u00bbleft\u00bb border_style=\u00bbsolid\u00bb]<\/p>\n<h3>IGLESIA<\/h3>\n<p>[\/et_pb_text][et_pb_text admin_label=\u00bbEnlace Iglesia (Texto)\u00bb _builder_version=\u00bb3.0.51&#8243; background_layout=\u00bblight\u00bb border_style=\u00bbsolid\u00bb text_orientation=\u00bbleft\u00bb]<\/p>\n<ul>\n<li><a href=\"https:\/\/villena.salesianos.edu\/iglesia\/\">Inicio<\/a><\/li>\n<li><a href=\"https:\/\/villena.salesianos.edu\/iglesia\/historia\/\">Historia<\/a><\/li>\n<li><a href=\"https:\/\/villena.salesianos.edu\/iglesia\/actividades\/\">Actividades<\/a><\/li>\n<li><a href=\"https:\/\/villena.salesianos.edu\/iglesia\/grupos\/\">Grupos<\/a><\/li>\n<li><a href=\"https:\/\/arciprestazgovillena.blogspot.com.es\/\">Arciprestazgo Villena<\/a><\/li>\n<li><a href=\"https:\/\/villena.salesianos.edu\/iglesia\/contactar\/\">Contactar<\/a><\/li>\n<\/ul>\n<p>[\/et_pb_text][et_pb_text admin_label=\u00bbInstalaciones (Texto)\u00bb _builder_version=\u00bb3.0.51&#8243; background_layout=\u00bblight\u00bb text_orientation=\u00bbleft\u00bb border_style=\u00bbsolid\u00bb]<\/p>\n<h3>INSTALACIONES<\/h3>\n<p>[\/et_pb_text][et_pb_text admin_label=\u00bbEnlaces Instalaciones (Texto)\u00bb _builder_version=\u00bb3.0.51&#8243; background_layout=\u00bblight\u00bb text_orientation=\u00bbleft\u00bb border_style=\u00bbsolid\u00bb]<\/p>\n<ul>\n<li><a href=\"https:\/\/villena.salesianos.edu\/instalaciones\/\">Inicio<\/a><\/li>\n<li><a href=\"https:\/\/villena.salesianos.edu\/instalaciones\/exteriores\">Exteriores<\/a><\/li>\n<li><a href=\"https:\/\/villena.salesianos.edu\/instalaciones\/patio-infantil\">Patio Infantl<\/a><\/li>\n<li><a href=\"https:\/\/villena.salesianos.edu\/familiasalesiana\/cooperadores\/\">Patio Colegio<\/a><\/li>\n<li><a href=\"https:\/\/villena.salesianos.edu\/instalaciones\/aulas-infantil\">Aulas Infantil<\/a><\/li>\n<li><a href=\"https:\/\/villena.salesianos.edu\/instalaciones\/aulas-primaria\">Aulas Primaria<\/a><\/li>\n<li><a href=\"https:\/\/villena.salesianos.edu\/instalaciones\/aulas-secundaria\">Aulas Secundaria<\/a><\/li>\n<li><a href=\"https:\/\/villena.salesianos.edu\/colegio\/informatica\">Salas de Inform\u00e1tica<\/a><\/li>\n<li><a href=\"https:\/\/villena.salesianos.edu\/instalaciones\/audiovisuales\">Sala de Audiovisuales<\/a><\/li>\n<li><a href=\"https:\/\/villena.salesianos.edu\/instalaciones\/musica\">Aula de M\u00fasica y Expresi\u00f3n<\/a><\/li>\n<li><a href=\"https:\/\/villena.salesianos.edu\/instalaciones\/comedor\">Comedor<\/a><\/li>\n<li><a href=\"https:\/\/villena.salesianos.edu\/instalaciones\/teatro\">Teatro<\/a><\/li>\n<li><a href=\"https:\/\/villena.salesianos.edu\/instalaciones\/iglesia\">Iglesia<\/a><\/li>\n<li><a href=\"https:\/\/villena.salesianos.edu\/contactar\/\">Contactar<\/a><\/li>\n<\/ul>\n<p>[\/et_pb_text][\/et_pb_column][\/et_pb_row][et_pb_row admin_label=\u00bbrow\u00bb custom_padding=\u00bb25px||27px|\u00bb custom_margin=\u00bb25px|||\u00bb background_position_1=\u00bbtop_left\u00bb background_repeat_1=\u00bbno-repeat\u00bb _builder_version=\u00bb3.0.72&#8243;][et_pb_column type=\u00bb1_4&#8243;][et_pb_blurb admin_label=\u00bbAnuncio\u00bb use_icon=\u00bbon\u00bb font_icon=\u00bb%%52%%\u00bb use_icon_font_size=\u00bbon\u00bb icon_font_size=\u00bb120px\u00bb _builder_version=\u00bb3.0.51&#8243; \/][\/et_pb_column][et_pb_column type=\u00bb3_4&#8243;][et_pb_text admin_label=\u00bbT\u00edtulo (Texto)\u00bb _builder_version=\u00bb3.0.51&#8243; custom_padding=\u00bb10px|||\u00bb]<\/p>\n<h2>\u00bfNo encuentras lo que buscas? Te ayudamos.<\/h2>\n<p>[\/et_pb_text][et_pb_search admin_label=\u00bbB\u00fasqueda\u00bb exclude_posts=\u00bbon\u00bb hide_button=\u00bboff\u00bb _builder_version=\u00bb3.0.51&#8243; \/][\/et_pb_column][\/et_pb_row][\/et_pb_section]<\/p>\n","protected":false},"excerpt":{"rendered":"<p>COLEGIO M\u00aa AUXILIADORA Inicio Noticias Oferta educativa \u00c1lbum de Fotos Trabaja con Nosotros Contactar CON\u00d3CENOS Saluda del Director Historia Oferta educativa Identidad Organigrama del Centro ETAPAS EDUCATIVAS Infantil Primaria Secundaria ESTILO EDUCATIVO Metodolog\u00eda Tutor\u00eda Entre Iguales Calidad FQM +400 Pastoral Escolar Pluriling\u00fcismo SERVICIOS Extraescolares Administraci\u00f3n Secretar\u00eda Qualitas Eucativa Qualitas Escuela-Familia CASA SALESIANA Inicio Noticias Saludo [&hellip;]<\/p>\n","protected":false},"author":2,"featured_media":0,"parent":0,"menu_order":0,"comment_status":"closed","ping_status":"closed","template":"","meta":{"_et_pb_use_builder":"on","_et_pb_old_content":"","_et_gb_content_width":"","footnotes":""},"class_list":["post-3517","page","type-page","status-publish","hentry"],"yoast_head":"<!-- This site is optimized with the Yoast SEO plugin v28.3 - https:\/\/yoast.com\/product\/yoast-seo-wordpress\/ -->\n<title>Mapa Web - Instalaciones<\/title>\n<meta name=\"robots\" content=\"index, follow, max-snippet:-1, max-image-preview:large, max-video-preview:-1\" \/>\n<link rel=\"canonical\" href=\"https:\/\/villena.salesianos.edu\/instalaciones\/mapa-web\/\" \/>\n<meta property=\"og:locale\" content=\"es_ES\" \/>\n<meta property=\"og:type\" content=\"article\" \/>\n<meta property=\"og:title\" content=\"Mapa Web - Instalaciones\" \/>\n<meta property=\"og:description\" content=\"COLEGIO M\u00aa AUXILIADORA Inicio Noticias Oferta educativa \u00c1lbum de Fotos Trabaja con Nosotros Contactar CON\u00d3CENOS Saluda del Director Historia Oferta educativa Identidad Organigrama del Centro ETAPAS EDUCATIVAS Infantil Primaria Secundaria ESTILO EDUCATIVO Metodolog\u00eda Tutor\u00eda Entre Iguales Calidad FQM +400 Pastoral Escolar Pluriling\u00fcismo SERVICIOS Extraescolares Administraci\u00f3n Secretar\u00eda Qualitas Eucativa Qualitas Escuela-Familia CASA SALESIANA Inicio Noticias Saludo [&hellip;]\" \/>\n<meta property=\"og:url\" content=\"https:\/\/villena.salesianos.edu\/instalaciones\/mapa-web\/\" \/>\n<meta property=\"og:site_name\" content=\"Instalaciones\" \/>\n<meta name=\"twitter:card\" content=\"summary_large_image\" \/>\n<meta name=\"twitter:label1\" content=\"Tiempo de lectura\" \/>\n\t<meta name=\"twitter:data1\" content=\"4 minutos\" \/>\n<script type=\"application\/ld+json\" class=\"yoast-schema-graph\">{\"@context\":\"https:\\\/\\\/schema.org\",\"@graph\":[{\"@type\":\"WebPage\",\"@id\":\"https:\\\/\\\/villena.salesianos.edu\\\/instalaciones\\\/mapa-web\\\/\",\"url\":\"https:\\\/\\\/villena.salesianos.edu\\\/instalaciones\\\/mapa-web\\\/\",\"name\":\"Mapa Web - Instalaciones\",\"isPartOf\":{\"@id\":\"https:\\\/\\\/villena.salesianos.edu\\\/instalaciones\\\/#website\"},\"datePublished\":\"2017-09-27T14:25:32+00:00\",\"breadcrumb\":{\"@id\":\"https:\\\/\\\/villena.salesianos.edu\\\/instalaciones\\\/mapa-web\\\/#breadcrumb\"},\"inLanguage\":\"es\",\"potentialAction\":[{\"@type\":\"ReadAction\",\"target\":[\"https:\\\/\\\/villena.salesianos.edu\\\/instalaciones\\\/mapa-web\\\/\"]}]},{\"@type\":\"BreadcrumbList\",\"@id\":\"https:\\\/\\\/villena.salesianos.edu\\\/instalaciones\\\/mapa-web\\\/#breadcrumb\",\"itemListElement\":[{\"@type\":\"ListItem\",\"position\":1,\"name\":\"Portada\",\"item\":\"https:\\\/\\\/villena.salesianos.edu\\\/instalaciones\\\/\"},{\"@type\":\"ListItem\",\"position\":2,\"name\":\"Mapa Web\"}]},{\"@type\":\"WebSite\",\"@id\":\"https:\\\/\\\/villena.salesianos.edu\\\/instalaciones\\\/#website\",\"url\":\"https:\\\/\\\/villena.salesianos.edu\\\/instalaciones\\\/\",\"name\":\"Instalaciones\",\"description\":\"P\u00e1gina oficial Iglesia Salesianos Villena\",\"potentialAction\":[{\"@type\":\"SearchAction\",\"target\":{\"@type\":\"EntryPoint\",\"urlTemplate\":\"https:\\\/\\\/villena.salesianos.edu\\\/instalaciones\\\/?s={search_term_string}\"},\"query-input\":{\"@type\":\"PropertyValueSpecification\",\"valueRequired\":true,\"valueName\":\"search_term_string\"}}],\"inLanguage\":\"es\"}]}<\/script>\n<!-- \/ Yoast SEO plugin. -->","yoast_head_json":{"title":"Mapa Web - Instalaciones","robots":{"index":"index","follow":"follow","max-snippet":"max-snippet:-1","max-image-preview":"max-image-preview:large","max-video-preview":"max-video-preview:-1"},"canonical":"https:\/\/villena.salesianos.edu\/instalaciones\/mapa-web\/","og_locale":"es_ES","og_type":"article","og_title":"Mapa Web - Instalaciones","og_description":"COLEGIO M\u00aa AUXILIADORA Inicio Noticias Oferta educativa \u00c1lbum de Fotos Trabaja con Nosotros Contactar CON\u00d3CENOS Saluda del Director Historia Oferta educativa Identidad Organigrama del Centro ETAPAS EDUCATIVAS Infantil Primaria Secundaria ESTILO EDUCATIVO Metodolog\u00eda Tutor\u00eda Entre Iguales Calidad FQM +400 Pastoral Escolar Pluriling\u00fcismo SERVICIOS Extraescolares Administraci\u00f3n Secretar\u00eda Qualitas Eucativa Qualitas Escuela-Familia CASA SALESIANA Inicio Noticias Saludo [&hellip;]","og_url":"https:\/\/villena.salesianos.edu\/instalaciones\/mapa-web\/","og_site_name":"Instalaciones","twitter_card":"summary_large_image","twitter_misc":{"Tiempo de lectura":"4 minutos"},"schema":{"@context":"https:\/\/schema.org","@graph":[{"@type":"WebPage","@id":"https:\/\/villena.salesianos.edu\/instalaciones\/mapa-web\/","url":"https:\/\/villena.salesianos.edu\/instalaciones\/mapa-web\/","name":"Mapa Web - Instalaciones","isPartOf":{"@id":"https:\/\/villena.salesianos.edu\/instalaciones\/#website"},"datePublished":"2017-09-27T14:25:32+00:00","breadcrumb":{"@id":"https:\/\/villena.salesianos.edu\/instalaciones\/mapa-web\/#breadcrumb"},"inLanguage":"es","potentialAction":[{"@type":"ReadAction","target":["https:\/\/villena.salesianos.edu\/instalaciones\/mapa-web\/"]}]},{"@type":"BreadcrumbList","@id":"https:\/\/villena.salesianos.edu\/instalaciones\/mapa-web\/#breadcrumb","itemListElement":[{"@type":"ListItem","position":1,"name":"Portada","item":"https:\/\/villena.salesianos.edu\/instalaciones\/"},{"@type":"ListItem","position":2,"name":"Mapa Web"}]},{"@type":"WebSite","@id":"https:\/\/villena.salesianos.edu\/instalaciones\/#website","url":"https:\/\/villena.salesianos.edu\/instalaciones\/","name":"Instalaciones","description":"P\u00e1gina oficial Iglesia Salesianos Villena","potentialAction":[{"@type":"SearchAction","target":{"@type":"EntryPoint","urlTemplate":"https:\/\/villena.salesianos.edu\/instalaciones\/?s={search_term_string}"},"query-input":{"@type":"PropertyValueSpecification","valueRequired":true,"valueName":"search_term_string"}}],"inLanguage":"es"}]}},"_links":{"self":[{"href":"https:\/\/villena.salesianos.edu\/instalaciones\/wp-json\/wp\/v2\/pages\/3517","targetHints":{"allow":["GET"]}}],"collection":[{"href":"https:\/\/villena.salesianos.edu\/instalaciones\/wp-json\/wp\/v2\/pages"}],"about":[{"href":"https:\/\/villena.salesianos.edu\/instalaciones\/wp-json\/wp\/v2\/types\/page"}],"author":[{"embeddable":true,"href":"https:\/\/villena.salesianos.edu\/instalaciones\/wp-json\/wp\/v2\/users\/2"}],"replies":[{"embeddable":true,"href":"https:\/\/villena.salesianos.edu\/instalaciones\/wp-json\/wp\/v2\/comments?post=3517"}],"version-history":[{"count":0,"href":"https:\/\/villena.salesianos.edu\/instalaciones\/wp-json\/wp\/v2\/pages\/3517\/revisions"}],"wp:attachment":[{"href":"https:\/\/villena.salesianos.edu\/instalaciones\/wp-json\/wp\/v2\/media?parent=3517"}],"curies":[{"name":"wp","href":"https:\/\/api.w.org\/{rel}","templated":true}]}}